{"id":2,"date":"2023-12-05T08:19:00","date_gmt":"2023-12-05T06:19:00","guid":{"rendered":"https:\/\/soarta.org\/?page_id=2"},"modified":"2026-02-10T16:01:57","modified_gmt":"2026-02-10T14:01:57","slug":"sample-page","status":"publish","type":"page","link":"https:\/\/soarta.org\/en\/","title":{"rendered":"Home"},"content":{"rendered":"\n<div class=\"wp-block-group is-layout-flow wp-block-group-is-layout-flow\">\n<div class=\"wp-block-group has-small-font-size is-layout-flow wp-container-core-group-is-layout-8d8b2ba5 wp-block-group-is-layout-flow\" style=\"min-height:500px;margin-top:var(--wp--preset--spacing--20);margin-bottom:var(--wp--preset--spacing--20)\"><div\n    class=\"align wp-block-bsb-slider\"    id='bsbCarousel-f8319b27-8' \n    data-attributes='{&quot;cId&quot;:&quot;f8319b27-8&quot;,&quot;sliders&quot;:[{&quot;img&quot;:{&quot;id&quot;:92,&quot;url&quot;:&quot;https:\\\/\\\/soarta.org\\\/wp-content\\\/uploads\\\/2025\\\/02\\\/Distribution-of-humanitarian-aid-3.jpg&quot;,&quot;alt&quot;:&quot;&quot;,&quot;title&quot;:&quot;Distribution of humanitarian aid (3)&quot;,&quot;caption&quot;:&quot;&quot;},&quot;title&quot;:&quot;\\&quot;Iubirea \\u0219i Milostenia sunt mai presus de toate!\\&quot;&quot;,&quot;desc&quot;:&quot; &quot;,&quot;btnLabel&quot;:&quot;&quot;,&quot;btnUrl&quot;:&quot;https:\\\/\\\/wordpress.org\\\/plugins\\\/b-slider\\\/&quot;,&quot;target&quot;:false,&quot;altText&quot;:&quot;\\&quot;Iubirea \\u0219i Milostenia sunt mai presus de toate!\\&quot;&quot;},{&quot;img&quot;:{&quot;id&quot;:532,&quot;url&quot;:&quot;https:\\\/\\\/soarta.org\\\/wp-content\\\/uploads\\\/2025\\\/02\\\/foto_Muzica-corala-religioasa-din-Moldova-de-pe-ambele-parti-ale-Prutului-4.jpg&quot;,&quot;alt&quot;:&quot;&quot;,&quot;title&quot;:&quot;foto_Muzica corala religioas\\u0103 din Moldova de pe ambele p\\u0103r\\u021bi ale Prutului (4)&quot;,&quot;caption&quot;:&quot;&quot;},&quot;title&quot;:&quot;\\&quot;Iubirea \\u0219i Milostenia sunt mai presus de toate!\\&quot;&quot;,&quot;desc&quot;:&quot;&quot;,&quot;btnLabel&quot;:&quot;&quot;,&quot;btnUrl&quot;:&quot;https:\\\/\\\/wordpress.org\\\/plugins\\\/b-slider\\\/&quot;,&quot;target&quot;:false,&quot;altText&quot;:&quot;\\&quot;Iubirea \\u0219i Milostenia sunt mai presus de toate!\\&quot;&quot;},{&quot;img&quot;:{&quot;id&quot;:351,&quot;url&quot;:&quot;https:\\\/\\\/soarta.org\\\/wp-content\\\/uploads\\\/2025\\\/02\\\/Carol-festival-The-carolers-are-coming-12-scaled.jpg&quot;,&quot;alt&quot;:&quot;&quot;,&quot;title&quot;:&quot;Carol festival The carolers are coming (12)&quot;,&quot;caption&quot;:&quot;&quot;},&quot;title&quot;:&quot;\\&quot;Iubirea \\u0219i Milostenia sunt mai presus de toate!\\&quot;&quot;,&quot;desc&quot;:&quot;&quot;,&quot;btnLabel&quot;:&quot;&quot;,&quot;btnUrl&quot;:&quot;https:\\\/\\\/wordpress.org\\\/plugins\\\/b-slider\\\/&quot;,&quot;target&quot;:false,&quot;altText&quot;:&quot;\\&quot;Iubirea \\u0219i Milostenia sunt mai presus de toate!\\&quot;&quot;},{&quot;img&quot;:{&quot;id&quot;:541,&quot;url&quot;:&quot;https:\\\/\\\/soarta.org\\\/wp-content\\\/uploads\\\/2025\\\/02\\\/foto_Conservarea-si-Promovarea-Patrimoniului-Cultural-si-Istoric-In-Zona-Transfrontaliera-Iasi-Si-Soroca-27.jpg&quot;,&quot;alt&quot;:&quot;&quot;,&quot;title&quot;:&quot;foto_Conservarea  \\u0219i  Promovarea Patrimoniului  Cultural  \\u0219i  Istoric \\u00cen  Zona  Transfrontalier\\u0103 Ia\\u0219i   \\u0218i   Soroca (27)&quot;,&quot;caption&quot;:&quot;&quot;},&quot;title&quot;:&quot;\\&quot;Iubirea \\u0219i Milostenia sunt mai presus de toate!\\&quot;&quot;,&quot;desc&quot;:&quot;&quot;,&quot;btnLabel&quot;:&quot;&quot;,&quot;btnUrl&quot;:&quot;https:\\\/\\\/wordpress.org\\\/plugins\\\/b-slider\\\/&quot;,&quot;target&quot;:false,&quot;altText&quot;:&quot;\\&quot;Iubirea \\u0219i Milostenia sunt mai presus de toate!\\&quot;&quot;},{&quot;img&quot;:{&quot;id&quot;:601,&quot;url&quot;:&quot;https:\\\/\\\/soarta.org\\\/wp-content\\\/uploads\\\/2025\\\/03\\\/foto_Centrul-Social-de-zi-\\u201eAsculta-inima-celor-varstnici-4-2-scaled.jpg&quot;,&quot;alt&quot;:&quot;&quot;,&quot;title&quot;:&quot;foto_Centrul Social de zi \\u201eAscult\\u0103 inima celor v\\u00e2rstnici\\u201d (4)&quot;,&quot;caption&quot;:&quot;&quot;},&quot;title&quot;:&quot;\\&quot;Iubirea \\u0219i Milostenia sunt mai presus de toate!\\&quot;&quot;,&quot;desc&quot;:&quot;&quot;,&quot;btnLabel&quot;:&quot;&quot;,&quot;btnUrl&quot;:&quot;https:\\\/\\\/wordpress.org\\\/plugins\\\/b-slider\\\/&quot;,&quot;target&quot;:false,&quot;altText&quot;:&quot;\\&quot;Iubirea \\u0219i Milostenia sunt mai presus de toate!\\&quot;&quot;},{&quot;img&quot;:{&quot;id&quot;:333,&quot;url&quot;:&quot;https:\\\/\\\/soarta.org\\\/wp-content\\\/uploads\\\/2025\\\/02\\\/Daily-Social-Center-in-Rublenita-village-for-elders-65.jpg&quot;,&quot;alt&quot;:&quot;&quot;,&quot;title&quot;:&quot;hp photosmart 720&quot;,&quot;caption&quot;:&quot;hp photosmart 720&quot;},&quot;title&quot;:&quot;\\&quot;Iubirea \\u0219i Milostenia sunt mai presus de toate!\\&quot;&quot;,&quot;desc&quot;:&quot;&quot;,&quot;btnLabel&quot;:&quot;&quot;,&quot;btnUrl&quot;:&quot;https:\\\/\\\/wordpress.org\\\/plugins\\\/b-slider\\\/&quot;,&quot;target&quot;:false,&quot;altText&quot;:&quot;\\&quot;Iubirea \\u0219i Milostenia sunt mai presus de toate!\\&quot;&quot;},{&quot;img&quot;:{&quot;id&quot;:295,&quot;url&quot;:&quot;https:\\\/\\\/soarta.org\\\/wp-content\\\/uploads\\\/2025\\\/02\\\/Activities-from-Daily-center-for-elders-in-Soroca-3-scaled.jpg&quot;,&quot;alt&quot;:&quot;&quot;,&quot;title&quot;:&quot;Activities from Daily center for elders in Soroca (3)&quot;,&quot;caption&quot;:&quot;&quot;},&quot;title&quot;:&quot;\\&quot;Iubirea \\u0219i Milostenia sunt mai presus de toate!\\&quot;&quot;,&quot;desc&quot;:&quot;&quot;,&quot;btnLabel&quot;:&quot;&quot;,&quot;btnUrl&quot;:&quot;https:\\\/\\\/wordpress.org\\\/plugins\\\/b-slider\\\/&quot;,&quot;target&quot;:false,&quot;altText&quot;:&quot;\\&quot;Iubirea \\u0219i Milostenia sunt mai presus de toate!\\&quot;&quot;}],&quot;titleTypo&quot;:{&quot;fontSize&quot;:{&quot;desktop&quot;:40,&quot;tablet&quot;:20,&quot;mobile&quot;:40},&quot;fontWeight&quot;:700,&quot;lineHeight&quot;:&quot;135%&quot;,&quot;textTransform&quot;:&quot;none&quot;,&quot;isUploadFont&quot;:true},&quot;titleColor&quot;:&quot;rgba(255, 188, 63, 1)&quot;,&quot;SliderOverly&quot;:&quot;rgba(0, 0, 0, 0.61)&quot;,&quot;options&quot;:{&quot;interval&quot;:7000,&quot;ride&quot;:true,&quot;pause&quot;:false,&quot;height&quot;:400,&quot;shuffle&quot;:false},&quot;animation&quot;:&quot;carousel-fade&quot;,&quot;position&quot;:&quot;center center&quot;,&quot;sliderHeight&quot;:{&quot;desktop&quot;:&quot;650px&quot;},&quot;align&quot;:&quot;&quot;,&quot;sourceType&quot;:&quot;&quot;,&quot;postsQuery&quot;:{&quot;post_type&quot;:&quot;post&quot;,&quot;selectedCategories&quot;:[],&quot;selectedTags&quot;:[],&quot;per_page&quot;:12,&quot;orderby&quot;:&quot;date&quot;,&quot;order&quot;:&quot;desc&quot;,&quot;offset&quot;:0,&quot;include&quot;:[],&quot;exclude&quot;:[],&quot;selectedTaxonomies&quot;:[],&quot;isExcludeCurrent&quot;:false,&quot;isExcerptFromContent&quot;:true,&quot;excerptLength&quot;:25,&quot;paginationCurrentPage&quot;:1,&quot;fImgSize&quot;:&quot;full&quot;,&quot;metaDateFormat&quot;:&quot;M j, Y&quot;},&quot;woocommerceQuery&quot;:{&quot;categories&quot;:[],&quot;limit&quot;:-1,&quot;order_by&quot;:&quot;menu_order&quot;,&quot;order&quot;:&quot;&quot;},&quot;button&quot;:{&quot;text&quot;:&quot;Learn More&quot;},&quot;columns&quot;:{&quot;desktop&quot;:3,&quot;tablet&quot;:2,&quot;mobile&quot;:1},&quot;columnGap&quot;:&quot;30px&quot;,&quot;rowGap&quot;:&quot;30px&quot;,&quot;carousel&quot;:{&quot;carouselStyle&quot;:&quot;standard&quot;,&quot;isAutoPlay&quot;:true,&quot;autoPlayDelay&quot;:2000,&quot;mousewheel&quot;:false,&quot;effect&quot;:&quot;none&quot;,&quot;grabCursor&quot;:false,&quot;loop&quot;:true,&quot;reverseDirection&quot;:false,&quot;caroDirection&quot;:&quot;horizontal&quot;,&quot;navigation&quot;:true,&quot;pagination&quot;:true},&quot;grid&quot;:{&quot;paginationType&quot;:&quot;pagination&quot;,&quot;loadMoreBtn&quot;:{&quot;typo&quot;:{&quot;fontSize&quot;:{&quot;desktop&quot;:25,&quot;tablet&quot;:20,&quot;mobile&quot;:15},&quot;fontWeight&quot;:700,&quot;lineHeight&quot;:&quot;135%&quot;},&quot;colors&quot;:{&quot;color&quot;:&quot;#000&quot;,&quot;bg&quot;:&quot;#f0f0f1&quot;},&quot;hovColors&quot;:{&quot;color&quot;:&quot;#fff&quot;,&quot;bg&quot;:&quot;#000&quot;},&quot;padding&quot;:{&quot;top&quot;:&quot;10px&quot;,&quot;right&quot;:&quot;20px&quot;,&quot;bottom&quot;:&quot;10px&quot;,&quot;left&quot;:&quot;20px&quot;},&quot;border&quot;:{&quot;color&quot;:&quot;#e1e1e1&quot;,&quot;style&quot;:&quot;solid&quot;,&quot;width&quot;:&quot;0px&quot;},&quot;radius&quot;:{&quot;top&quot;:&quot;3px&quot;,&quot;right&quot;:&quot;3px&quot;,&quot;bottom&quot;:&quot;3px&quot;,&quot;left&quot;:&quot;3px&quot;}}},&quot;thumbnails&quot;:{&quot;overly&quot;:{&quot;color&quot;:&quot;&quot;},&quot;height&quot;:{&quot;desktop&quot;:&quot;120px&quot;,&quot;tablet&quot;:&quot;&quot;,&quot;mobile&quot;:&quot;&quot;},&quot;position&quot;:{&quot;desktop&quot;:&quot;bottom&quot;},&quot;width&quot;:{&quot;desktop&quot;:&quot;30%&quot;,&quot;tablet&quot;:&quot;20%&quot;,&quot;mobile&quot;:&quot;15%&quot;},&quot;active&quot;:{&quot;color&quot;:&quot;#00000000&quot;,&quot;border&quot;:{&quot;color&quot;:&quot;#000&quot;,&quot;style&quot;:&quot;solid&quot;,&quot;width&quot;:&quot;0px&quot;}}},&quot;videoConf&quot;:{&quot;controls&quot;:{&quot;play-large&quot;:true,&quot;restart&quot;:false,&quot;rewind&quot;:true,&quot;play&quot;:true,&quot;fast-forward&quot;:true,&quot;progress&quot;:true,&quot;current-time&quot;:true,&quot;duration&quot;:false,&quot;mute&quot;:true,&quot;volume&quot;:true,&quot;pip&quot;:false,&quot;airplay&quot;:false,&quot;settings&quot;:true,&quot;download&quot;:false,&quot;fullscreen&quot;:true},&quot;isPopup&quot;:true,&quot;icon&quot;:true,&quot;repeat&quot;:false,&quot;isAutoPlay&quot;:false,&quot;muted&quot;:false,&quot;resetOnEnd&quot;:false,&quot;autoHideControl&quot;:true},&quot;title&quot;:{&quot;tag&quot;:&quot;h5&quot;},&quot;titleFCaption&quot;:false,&quot;titleAnimation&quot;:{&quot;effect&quot;:&quot;fadeInLeft&quot;,&quot;delay&quot;:0,&quot;duration&quot;:0.7},&quot;descAnimation&quot;:{&quot;effect&quot;:&quot;fadeInRight&quot;,&quot;delay&quot;:0.7,&quot;duration&quot;:0.7},&quot;btnAnimation&quot;:{&quot;effect&quot;:&quot;zoomIn&quot;,&quot;delay&quot;:1.4,&quot;duration&quot;:0.7},&quot;isMouseWheel&quot;:false,&quot;isArrowFollowSlide&quot;:false,&quot;isMouseDrag&quot;:false,&quot;slideInnerGap&quot;:&quot;180px&quot;,&quot;slideInnerGapDevice&quot;:{&quot;desktop&quot;:&quot;180px&quot;,&quot;tablet&quot;:&quot;140px&quot;,&quot;mobile&quot;:&quot;100px&quot;},&quot;titleMargin&quot;:{&quot;top&quot;:&quot;5px&quot;,&quot;right&quot;:&quot;0px&quot;,&quot;bottom&quot;:&quot;5px&quot;,&quot;left&quot;:&quot;0px&quot;},&quot;descTypo&quot;:{&quot;fontSize&quot;:{&quot;desktop&quot;:18,&quot;tablet&quot;:20,&quot;mobile&quot;:15},&quot;fontWeight&quot;:400,&quot;lineHeight&quot;:&quot;135%&quot;},&quot;descColor&quot;:&quot;#fff&quot;,&quot;descMargin&quot;:{&quot;top&quot;:&quot;5px&quot;,&quot;right&quot;:&quot;0px&quot;,&quot;bottom&quot;:&quot;5px&quot;,&quot;left&quot;:&quot;0px&quot;},&quot;btnTypo&quot;:{&quot;fontSize&quot;:{&quot;desktop&quot;:20,&quot;tablet&quot;:20,&quot;mobile&quot;:15},&quot;fontWeight&quot;:500,&quot;lineHeight&quot;:&quot;135%&quot;},&quot;btnColors&quot;:{&quot;color&quot;:&quot;#fff&quot;,&quot;bg&quot;:&quot;&quot;},&quot;btnHovColors&quot;:{&quot;color&quot;:&quot;#000&quot;,&quot;bg&quot;:&quot;#fff&quot;},&quot;btnPadding&quot;:{&quot;top&quot;:&quot;5px&quot;,&quot;right&quot;:&quot;8px&quot;,&quot;bottom&quot;:&quot;5px&quot;,&quot;left&quot;:&quot;8px&quot;},&quot;btnBorder&quot;:{&quot;color&quot;:&quot;#e1e1e1&quot;,&quot;style&quot;:&quot;solid&quot;,&quot;width&quot;:&quot;3px&quot;},&quot;btnRadius&quot;:&quot;0px&quot;,&quot;arrow&quot;:{&quot;visibility&quot;:true,&quot;size&quot;:48,&quot;color&quot;:&quot;#fff&quot;,&quot;bg&quot;:&quot;transparent&quot;},&quot;arrowWidth&quot;:&quot;50px&quot;,&quot;deviceArrowWidth&quot;:{&quot;desktop&quot;:&quot;50px&quot;,&quot;tablet&quot;:&quot;40px&quot;,&quot;mobile&quot;:&quot;30px&quot;},&quot;deviceArrowHeight&quot;:{&quot;desktop&quot;:&quot;50px&quot;,&quot;tablet&quot;:&quot;40px&quot;,&quot;mobile&quot;:&quot;30px&quot;},&quot;arrowHeight&quot;:&quot;50px&quot;,&quot;arrowRadius&quot;:{&quot;top&quot;:&quot;3px&quot;,&quot;bottom&quot;:&quot;3px&quot;,&quot;left&quot;:&quot;3px&quot;,&quot;right&quot;:&quot;3px&quot;},&quot;arrowBorder&quot;:{&quot;color&quot;:&quot;#000&quot;,&quot;style&quot;:&quot;solid&quot;,&quot;width&quot;:&quot;0px&quot;},&quot;arrowStyle&quot;:&quot;style1&quot;,&quot;indicator&quot;:{&quot;visibility&quot;:true,&quot;type&quot;:&quot;default&quot;,&quot;style&quot;:&quot;&quot;,&quot;color&quot;:&quot;#000&quot;,&quot;activeColor&quot;:&quot;#fff&quot;,&quot;width&quot;:&quot;30px&quot;,&quot;height&quot;:&quot;3px&quot;,&quot;radius&quot;:&quot;0px&quot;,&quot;activeBorder&quot;:{&quot;color&quot;:&quot;#e1e1e1&quot;,&quot;style&quot;:&quot;solid&quot;,&quot;width&quot;:&quot;4px&quot;},&quot;moveFromEdge&quot;:&quot;-15px&quot;,&quot;position&quot;:&quot;bottom-center&quot;,&quot;direction&quot;:&quot;horizontal&quot;},&quot;direction&quot;:&quot;default&quot;,&quot;height&quot;:&quot;450px&quot;,&quot;borderRadius&quot;:{&quot;top&quot;:&quot;3px&quot;,&quot;right&quot;:&quot;3px&quot;,&quot;bottom&quot;:&quot;3px&quot;,&quot;left&quot;:&quot;3px&quot;},&quot;margin&quot;:{&quot;top&quot;:&quot;0px&quot;,&quot;right&quot;:&quot;0px&quot;,&quot;bottom&quot;:&quot;0px&quot;,&quot;left&quot;:&quot;0px&quot;},&quot;isLazyLoad&quot;:false,&quot;TrpContentRestriction&quot;:{&quot;restriction_type&quot;:&quot;exclude&quot;,&quot;selected_languages&quot;:[],&quot;panel_open&quot;:true}}'\n    data-nonce='&quot;aa379342af&quot;'\n    data-totalposts=1>\n    <pre id='posts' style='display: none;'>\n        [{&quot;id&quot;:&quot;1&quot;,&quot;link&quot;:&quot;https:\\\/\\\/soarta.org\\\/en\\\/2025\\\/01\\\/23\\\/hello-world\\\/&quot;,&quot;name&quot;:&quot;hello-world&quot;,&quot;thumbnail&quot;:{&quot;url&quot;:false,&quot;alt&quot;:false},&quot;title&quot;:&quot;Hello world!&quot;,&quot;author&quot;:{&quot;name&quot;:&quot;admin&quot;,&quot;link&quot;:&quot;https:\\\/\\\/soarta.org\\\/en\\\/author\\\/admin\\\/&quot;},&quot;date&quot;:&quot;Jan 23, 2025&quot;,&quot;dateGMT&quot;:&quot;2025-01-23 08:19:35&quot;,&quot;modifiedDate&quot;:&quot;2025-01-23 08:19:35&quot;,&quot;modifiedDateGMT&quot;:&quot;2025-01-23 08:19:35&quot;,&quot;commentCount&quot;:&quot;1&quot;,&quot;commentStatus&quot;:&quot;open&quot;,&quot;categories&quot;:{&quot;coma&quot;:&quot;&lt;a href=\\&quot;https:\\\/\\\/soarta.org\\\/en\\\/category\\\/uncategorized\\\/\\&quot; rel=\\&quot;category tag\\&quot;&gt;Uncategorized&lt;\\\/a&gt;&quot;,&quot;space&quot;:&quot;&lt;a href=\\&quot;https:\\\/\\\/soarta.org\\\/en\\\/category\\\/uncategorized\\\/\\&quot; rel=\\&quot;category tag\\&quot;&gt;Uncategorized&lt;\\\/a&gt;&quot;},&quot;taxonomies&quot;:{&quot;post_tag&quot;:&quot;&quot;},&quot;readTime&quot;:{&quot;min&quot;:0,&quot;sec&quot;:5},&quot;status&quot;:&quot;publish&quot;,&quot;content&quot;:&quot;Welcome to WordPress. This is your first post. Edit or delete it, then start writing!&quot;}]    <\/pre>\n<\/div>\n\n <\/div>\n<\/div>\n\n\n\n<div class=\"wp-block-cover alignwide hide-element\" style=\"min-height:600px;aspect-ratio:unset;\"><img loading=\"lazy\" decoding=\"async\" width=\"1000\" height=\"733\" class=\"wp-block-cover__image-background wp-image-92\" alt=\"\" src=\"https:\/\/soarta.org\/wp-content\/uploads\/2025\/02\/Distribution-of-humanitarian-aid-3.jpg\" style=\"object-position:51% 43%\" data-object-fit=\"cover\" data-object-position=\"51% 43%\" srcset=\"https:\/\/soarta.org\/wp-content\/uploads\/2025\/02\/Distribution-of-humanitarian-aid-3.jpg 1000w, https:\/\/soarta.org\/wp-content\/uploads\/2025\/02\/Distribution-of-humanitarian-aid-3-600x440.jpg 600w, https:\/\/soarta.org\/wp-content\/uploads\/2025\/02\/Distribution-of-humanitarian-aid-3-300x220.jpg 300w, https:\/\/soarta.org\/wp-content\/uploads\/2025\/02\/Distribution-of-humanitarian-aid-3-768x563.jpg 768w, https:\/\/soarta.org\/wp-content\/uploads\/2025\/02\/Distribution-of-humanitarian-aid-3-16x12.jpg 16w\" sizes=\"auto, (max-width: 1000px) 100vw, 1000px\" \/><span aria-hidden=\"true\" class=\"wp-block-cover__background has-background-dim-70 has-background-dim\"><\/span><div class=\"wp-block-cover__inner-container has-global-padding is-layout-constrained wp-container-core-cover-is-layout-9387084c wp-block-cover-is-layout-constrained\">\n<blockquote class=\"wp-block-quote is-layout-flow wp-block-quote-is-layout-flow\">\n<p class=\"has-text-align-center has-text-color has-link-color has-xx-large-font-size wp-elements-c3e95d2973aac1e180de95f77e79038e\" style=\"color:#ffbc3f\">&#8222;Iubirea \u0219i Milostenia sunt mai presus de toate!&#8221;<\/p>\n<\/blockquote>\n<\/div><\/div>\n\n\n\n<div class=\"wp-block-group alignfull hide-element has-global-padding is-layout-constrained wp-block-group-is-layout-constrained\">\n<div class=\"wp-block-group alignfull has-global-padding is-layout-constrained wp-container-core-group-is-layout-5752ed76 wp-block-group-is-layout-constrained\" style=\"margin-top:0;margin-bottom:0;padding-top:var(--wp--preset--spacing--50);padding-bottom:var(--wp--preset--spacing--50)\">\n<h2 class=\"wp-block-heading alignwide has-text-align-center has-x-large-font-size\">\u015etiri<\/h2>\n\n\n\n<div class=\"wp-block-columns alignwide is-layout-flex wp-container-core-columns-is-layout-6964ed94 wp-block-columns-is-layout-flex\" style=\"padding-right:0;padding-left:0\">\n<div class=\"wp-block-column is-layout-flow wp-block-column-is-layout-flow\" style=\"flex-basis:100%\">\n<figure class=\"wp-block-image size-full\" style=\"margin-bottom:24px\"><img decoding=\"async\" src=\"https:\/\/soarta.org\/wp-content\/uploads\/2025\/04\/small-Interreg-NEXT-logo-2021-PANTONE-colour_compressed_pages-to-jpg-0001-1.jpg\" alt=\"\" class=\"wp-image-885\" style=\"aspect-ratio:4\/3;object-fit:cover\"\/><\/figure>\n\n\n\n<p class=\"has-small-font-size\">25\/04\/2025<\/p>\n\n\n\n<h3 class=\"wp-block-heading\"><strong>Cunoa\u0219tere F\u0103r\u0103 Frontiere: Acces Universal la Educa\u021bie \u0219i Formare \u00een Rom\u00e2nia-Moldova<\/strong><\/h3>\n\n\n\n<p class=\"has-medium-font-size\">Din data de 25 aprilie 2025 Asocia\u021bia Ob\u0219teasc\u0103 SOARTA a dat start implement\u0103rii acestui proiect \u00een cadrul Programului Interreg VI-A NEXT Rom\u00e2nia-Republica Moldova 2021-2027 \u0219i sus\u021binut financiar de Uniunea European\u0103.<\/p>\n\n\n\n<p class=\"has-medium-font-size\">Proiectul prezint\u0103 un plan cuprinz\u0103tor pentru dezvoltarea profesional\u0103 \u0219i schimbul de cuno\u0219tin\u021be \u00een Rom\u00e2nia (RO) \u0219i Republica Moldova (MD). Acesta \u00ee\u0219i propune s\u0103 \u00eembun\u0103t\u0103\u021beasc\u0103 competen\u021bele \u0219i s\u0103 abordeze provoc\u0103rile din diverse domenii, cum ar fi educa\u021bia, asisten\u021ba social\u0103, psihologia, agricultura, cultura \u0219i artele. Activit\u0103\u021bile includ ateliere, simpozioane, campanii \u0219i crearea de re\u021bele de speciali\u0219ti..<\/p>\n\n\n\n<p class=\"is-style-text-subtitle has-medium-font-size is-style-text-subtitle--1\"><strong>Face\u021bi clic pe butonul de mai jos pentru a citi&nbsp;intreg articolul.<\/strong><\/p>\n<\/div>\n\n\n\n<div class=\"wp-block-column is-layout-flow wp-block-column-is-layout-flow\" style=\"flex-basis:100%\">\n<figure class=\"wp-block-image size-full\" style=\"margin-bottom:24px\"><img decoding=\"async\" src=\"https:\/\/soarta.org\/wp-content\/uploads\/2025\/04\/small-Interreg-NEXT-logo-2021-PANTONE-colour_compressed_pages-to-jpg-0001.jpg\" alt=\"\" class=\"wp-image-882\" style=\"aspect-ratio:4\/3;object-fit:cover\"\/><\/figure>\n\n\n\n<p class=\"has-small-font-size\">13\/03\/2025<\/p>\n\n\n\n<h3 class=\"wp-block-heading\"><strong>CULTUR\u0102: Cultur\u0103 \u0219i Turism Durabil pentru<br>Incluziune Social\u0103 \u0219i Inova\u021bie \u00een Republica Moldova<br>\u0219i Rom\u00e2nia<\/strong><\/h3>\n\n\n\n<p class=\"has-medium-font-size\">Ast\u0103zi, 13 martie 2025 a \u00eenceput implementarea acestui proiect \u00een parteneriat cu Funda\u021bia Solidaritate \u0219i Speran\u021b\u0103 din Ia\u0219i, Rom\u00e2nia \u00een cadrul Programului Interreg VI-A NEXT Rom\u00e2nia-Republica Moldova 2021-2027 \u0219i sus\u021binut financiar de Uniunea European\u0103.<br><\/p>\n\n\n\n<p class=\"has-medium-font-size\">Proiectul vizeaz\u0103 stimularea cooper\u0103rii transfrontaliere \u00eentre organiza\u021bii neguvernamentale din Rom\u00e2nia \u0219i Republica Moldova, \u00een vederea promov\u0103rii mo\u0219tenirii culturale \u0219i a turismului durabil. \u00cen cadrul proiectului va fi promovat turismul sustenabil .<\/p>\n\n\n\n<p class=\"is-style-text-subtitle has-medium-font-size is-style-text-subtitle--2\"><strong>Face\u021bi clic pe butonul de mai jos pentru a citi&nbsp;intreg articolul.<\/strong><\/p>\n<\/div>\n\n\n\n<div class=\"wp-block-column is-layout-flow wp-block-column-is-layout-flow\" style=\"flex-basis:100%\">\n<figure class=\"wp-block-image size-full\" style=\"margin-bottom:24px\"><img loading=\"lazy\" decoding=\"async\" width=\"500\" height=\"614\" src=\"https:\/\/soarta.org\/wp-content\/uploads\/2025\/03\/paste-1.jpg\" alt=\"\" class=\"wp-image-655\" style=\"aspect-ratio:4\/3;object-fit:cover\" srcset=\"https:\/\/soarta.org\/wp-content\/uploads\/2025\/03\/paste-1.jpg 500w, https:\/\/soarta.org\/wp-content\/uploads\/2025\/03\/paste-1-244x300.jpg 244w, https:\/\/soarta.org\/wp-content\/uploads\/2025\/03\/paste-1-10x12.jpg 10w\" sizes=\"auto, (max-width: 500px) 100vw, 500px\" \/><\/figure>\n\n\n\n<p class=\"has-small-font-size\">05\/03\/2025<\/p>\n\n\n\n<h3 class=\"wp-block-heading\"><strong>\u00cemparte bucuria s\u0103rb\u0103torilor de Pa\u0219te!<\/strong><\/h3>\n\n\n\n<p class=\"has-medium-font-size\">De Pa\u0219ti, a\u0219tept\u0103m cu to\u021bii magia \u00cenvierii!<br>De s\u0103rb\u0103tori se \u00eent\u00e2mpl\u0103 minuni! \u015ei dumneavoastr\u0103 pute\u021bi \u00eemp\u0103r\u021bi bucuria s\u0103rb\u0103torilor de Pa\u0219te cu cineva \u00een nevoi, aduc\u00e2nd \u015fi \u00een casele lor spiritul s\u0103rb\u0103torilor Pascale.<br><\/p>\n\n\n\n<p class=\"has-medium-font-size\">Ajut\u0103 ca s\u0103 ajut\u0103m!<br>Ajut\u0103 un om de Pa\u0219te!<\/p>\n\n\n\n<p class=\"is-style-text-subtitle has-medium-font-size is-style-text-subtitle--3\"><strong>Face\u021bi clic pe butonul de mai jos pentru a citi&nbsp;intreg articolul.<\/strong><\/p>\n<\/div>\n\n\n\n<div class=\"wp-block-column has-global-padding is-layout-constrained wp-block-column-is-layout-constrained\" style=\"flex-basis:100%\">\n<figure class=\"wp-block-image size-full\" style=\"margin-bottom:24px\"><img loading=\"lazy\" decoding=\"async\" width=\"1240\" height=\"740\" src=\"https:\/\/soarta.org\/wp-content\/uploads\/2025\/03\/2-procente-1.jpg\" alt=\"\" class=\"wp-image-625\" style=\"aspect-ratio:4\/3;object-fit:cover\" srcset=\"https:\/\/soarta.org\/wp-content\/uploads\/2025\/03\/2-procente-1.jpg 1240w, https:\/\/soarta.org\/wp-content\/uploads\/2025\/03\/2-procente-1-300x179.jpg 300w, https:\/\/soarta.org\/wp-content\/uploads\/2025\/03\/2-procente-1-1024x611.jpg 1024w, https:\/\/soarta.org\/wp-content\/uploads\/2025\/03\/2-procente-1-768x458.jpg 768w, https:\/\/soarta.org\/wp-content\/uploads\/2025\/03\/2-procente-1-18x12.jpg 18w\" sizes=\"auto, (max-width: 1240px) 100vw, 1240px\" \/><\/figure>\n\n\n\n<p class=\"has-small-font-size\">12\/01\/2025<\/p>\n\n\n\n<h3 class=\"wp-block-heading\"><strong>SOARTA v\u0103 invit\u0103 s\u0103 dona\u021bi 2% din impozitul pe venit<\/strong><\/h3>\n\n\n\n<p class=\"has-medium-font-size\">E simplu \u0219i nu implic\u0103 niciun cost, dar \u00eenseamn\u0103 at\u00e2t de mult pentru oamenii r\u0103ma\u0219i \u00een nevoi.<br>\u0218tiai c\u0103 po\u021bi ajuta oameni \u00een nevoie f\u0103r\u0103 s\u0103 sco\u021bi niciun ban din buzunar? Mecanismul 2% \u00ee\u021bi permite s\u0103 redirec\u021bionezi o mic\u0103 parte din impozitul pe venit \u2013 bani pe care oricum \u00eei pl\u0103te\u0219ti statului \u2013 c\u0103tre o cauz\u0103 care conteaz\u0103 pentru tine. Este un gest simplu, gratuit, dar care poate aduce o schimbare real\u0103 \u00een via\u021ba celor mai vulnerabili.<\/p>\n\n\n\n<p class=\"is-style-text-subtitle has-medium-font-size is-style-text-subtitle--4\"><strong>Face\u021bi clic pe butonul de mai jos pentru a citi&nbsp;intreg articolul.<\/strong><\/p>\n<\/div>\n\n\n\n<div class=\"wp-block-column is-layout-flow wp-block-column-is-layout-flow\" style=\"flex-basis:100%\">\n<figure class=\"wp-block-image size-full\" style=\"margin-bottom:24px\"><img loading=\"lazy\" decoding=\"async\" width=\"2560\" height=\"1920\" src=\"https:\/\/soarta.org\/wp-content\/uploads\/2025\/02\/Distribution-of-wood-and-coal-for-elderly-people-and-families-with-more-children-15-scaled.jpg\" alt=\"\" class=\"wp-image-102\" style=\"aspect-ratio:4\/3;object-fit:cover\" srcset=\"https:\/\/soarta.org\/wp-content\/uploads\/2025\/02\/Distribution-of-wood-and-coal-for-elderly-people-and-families-with-more-children-15-scaled.jpg 2560w, https:\/\/soarta.org\/wp-content\/uploads\/2025\/02\/Distribution-of-wood-and-coal-for-elderly-people-and-families-with-more-children-15-scaled-600x450.jpg 600w, https:\/\/soarta.org\/wp-content\/uploads\/2025\/02\/Distribution-of-wood-and-coal-for-elderly-people-and-families-with-more-children-15-300x225.jpg 300w, https:\/\/soarta.org\/wp-content\/uploads\/2025\/02\/Distribution-of-wood-and-coal-for-elderly-people-and-families-with-more-children-15-1024x768.jpg 1024w, https:\/\/soarta.org\/wp-content\/uploads\/2025\/02\/Distribution-of-wood-and-coal-for-elderly-people-and-families-with-more-children-15-768x576.jpg 768w, https:\/\/soarta.org\/wp-content\/uploads\/2025\/02\/Distribution-of-wood-and-coal-for-elderly-people-and-families-with-more-children-15-1536x1152.jpg 1536w, https:\/\/soarta.org\/wp-content\/uploads\/2025\/02\/Distribution-of-wood-and-coal-for-elderly-people-and-families-with-more-children-15-2048x1536.jpg 2048w, https:\/\/soarta.org\/wp-content\/uploads\/2025\/02\/Distribution-of-wood-and-coal-for-elderly-people-and-families-with-more-children-15-16x12.jpg 16w\" sizes=\"auto, (max-width: 2560px) 100vw, 2560px\" \/><\/figure>\n\n\n\n<p class=\"has-small-font-size\">11\/01\/2025<\/p>\n\n\n\n<h3 class=\"wp-block-heading\"><strong>Eforturile Asocia\u021biei Ob\u0219te\u0219ti &#8222;SOARTA&#8221; \u00een timpul st\u0103rii de urgen\u021b\u0103 \u00een Republica Moldova<\/strong><\/h3>\n\n\n\n<p class=\"has-medium-font-size\">Starea de urgen\u021b\u0103 \u00een Moldova este acum \u00een vigoare de trei luni. Aceasta \u00eenseamn\u0103 c\u0103 mul\u021bi moldoveni nu \u00ee\u0219i mai pot \u00eenc\u0103lzi locuin\u021bele \u0219i costul vie\u021bii a crescut \u00eentr-o asemenea m\u0103sur\u0103 \u00eenc\u00e2t nu se mai pot \u00eentre\u021bine singuri. A\u021bi dori s\u0103 \u0219ti\u021bi cum s-ar putea \u00eent\u00e2mpla acest lucru \u0219i cum pute\u021bi ajuta? <\/p>\n\n\n\n<p class=\"is-style-text-subtitle has-medium-font-size is-style-text-subtitle--5\"><strong>Apoi face\u021bi clic pe \u201ecite\u0219te mai mult\u201d.<\/strong><\/p>\n<\/div>\n\n\n\n<div class=\"wp-block-column is-layout-flow wp-block-column-is-layout-flow\" style=\"flex-basis:100%\">\n<figure class=\"wp-block-image size-full\" style=\"margin-bottom:24px\"><img loading=\"lazy\" decoding=\"async\" width=\"2048\" height=\"1536\" src=\"https:\/\/soarta.org\/wp-content\/uploads\/2025\/02\/foto_Festivalul-de-colinde-\u201eVin-Colindatorii-7.jpg\" alt=\"\" class=\"wp-image-529\" style=\"aspect-ratio:4\/3;object-fit:cover\" srcset=\"https:\/\/soarta.org\/wp-content\/uploads\/2025\/02\/foto_Festivalul-de-colinde-\u201eVin-Colindatorii-7.jpg 2048w, https:\/\/soarta.org\/wp-content\/uploads\/2025\/02\/foto_Festivalul-de-colinde-\u201eVin-Colindatorii-7-300x225.jpg 300w, https:\/\/soarta.org\/wp-content\/uploads\/2025\/02\/foto_Festivalul-de-colinde-\u201eVin-Colindatorii-7-1024x768.jpg 1024w, https:\/\/soarta.org\/wp-content\/uploads\/2025\/02\/foto_Festivalul-de-colinde-\u201eVin-Colindatorii-7-768x576.jpg 768w, https:\/\/soarta.org\/wp-content\/uploads\/2025\/02\/foto_Festivalul-de-colinde-\u201eVin-Colindatorii-7-1536x1152.jpg 1536w, https:\/\/soarta.org\/wp-content\/uploads\/2025\/02\/foto_Festivalul-de-colinde-\u201eVin-Colindatorii-7-16x12.jpg 16w\" sizes=\"auto, (max-width: 2048px) 100vw, 2048px\" \/><\/figure>\n\n\n\n<p class=\"has-small-font-size\">05\/12\/2023<\/p>\n\n\n\n<h3 class=\"wp-block-heading\"><strong>Asocia\u021bia Ob\u0219teasc\u0103 &#8222;SOARTA&#8221; a organizat Festivalul de colinde \u201eVin colind\u0103torii!&#8221; Edi\u021bia I<\/strong><\/h3>\n\n\n\n<p class=\"has-medium-font-size\">\u00cen perioada 01.12.2023 \u2013 03.12.2023 la Soroca a fost organizat, Festivalul de Colinde \u201eVin colind\u0103torii!\u201d cu participan\u021bi din Republica Moldova \u0219i Rom\u00e2nia. Festivalul a f\u0103cut parte din proiectul 1HARD\/2.1\/88 \u201eConservare \u0219i promovarea patrimoniului cultural \u0219i istoric \u00een zona de frontier\u0103 a IASI \u0219i SOROCA\u201d. <\/p>\n\n\n\n<p class=\"is-style-text-subtitle has-medium-font-size is-style-text-subtitle--6\"><strong>Face\u021bi clic pe butonul de mai jos pentru a citi reportajul acestui eveniment<\/strong>.<\/p>\n<\/div>\n<\/div>\n\n\n\n<div class=\"wp-block-buttons is-content-justification-center is-layout-flex wp-container-core-buttons-is-layout-a89b3969 wp-block-buttons-is-layout-flex\">\n<div class=\"wp-block-button\"><a class=\"wp-block-button__link has-background has-text-align-center wp-element-button\" href=\"https:\/\/soarta.org\/news\/\" style=\"background-color:#7e3351\">Cite\u015fte mai mult<\/a><\/div>\n<\/div>\n<\/div>\n<\/div>\n\n\n\n<div class=\"wp-block-group alignfull has-global-padding is-layout-constrained wp-container-core-group-is-layout-9387084c wp-block-group-is-layout-constrained\">\n<div class=\"wp-block-group is-layout-flow wp-container-core-group-is-layout-5c796f2d wp-block-group-is-layout-flow\" style=\"margin-top:0;margin-bottom:0;padding-top:var(--wp--preset--spacing--50);padding-bottom:var(--wp--preset--spacing--50)\">\n<h2 class=\"wp-block-heading alignwide has-text-align-center has-x-large-font-size\">\u015etiri<\/h2>\n\n\n\n<div class=\"wp-block-group is-layout-grid wp-container-core-group-is-layout-2994b392 wp-block-group-is-layout-grid\">\n<div class=\"wp-block-columns is-layout-flex wp-container-core-columns-is-layout-28f84493 wp-block-columns-is-layout-flex\">\n<div class=\"wp-block-column is-layout-flow wp-block-column-is-layout-flow\">\n<figure class=\"wp-block-image size-full\" style=\"margin-bottom:24px\"><img loading=\"lazy\" decoding=\"async\" width=\"1536\" height=\"1024\" src=\"https:\/\/soarta.org\/wp-content\/uploads\/2026\/02\/2-2.png\" alt=\"\" class=\"wp-image-2345\" style=\"aspect-ratio:4\/3;object-fit:contain\" srcset=\"https:\/\/soarta.org\/wp-content\/uploads\/2026\/02\/2-2.png 1536w, https:\/\/soarta.org\/wp-content\/uploads\/2026\/02\/2-2-300x200.png 300w, https:\/\/soarta.org\/wp-content\/uploads\/2026\/02\/2-2-1024x683.png 1024w, https:\/\/soarta.org\/wp-content\/uploads\/2026\/02\/2-2-768x512.png 768w, https:\/\/soarta.org\/wp-content\/uploads\/2026\/02\/2-2-18x12.png 18w\" sizes=\"auto, (max-width: 1536px) 100vw, 1536px\" \/><\/figure>\n\n\n\n<p class=\"has-small-font-size\">01\/01\/2026<\/p>\n\n\n\n<h3 class=\"wp-block-heading has-medium-font-size\"><strong><strong><strong><strong><strong><strong><strong><strong>SOARTA te invit\u0103 s\u0103 donezi 2% din impozitul pe venit<\/strong><\/strong><\/strong><\/strong><\/strong><\/strong><br><\/strong><\/strong><\/h3>\n\n\n\n<p class=\"has-small-font-size\">\u0218tiai c\u0103 po\u021bi ajuta oameni afla\u021bi \u00een nevoie <strong>f\u0103r\u0103 s\u0103 sco\u021bi niciun ban din buzunar<\/strong>?<br>Prin mecanismul <strong>2%<\/strong>, ai posibilitatea s\u0103 redirec\u021bionezi o mic\u0103 parte din impozitul pe venit \u2013 bani pe care oricum \u00eei achi\u021bi statului \u2013 c\u0103tre o cauz\u0103 care chiar conteaz\u0103.<\/p>\n\n\n\n<p class=\"has-small-font-size\">.<\/p>\n\n\n\n<p class=\"has-small-font-size\">Este un gest <strong>simplu, gratuit<\/strong>, dar care poate aduce <strong>o schimbare real\u0103<\/strong> \u00een via\u021ba celor mai vulnerabili dintre noi.<\/p>\n\n\n\n<p class=\"has-small-font-size\">Te rug\u0103m s\u0103 alegi s\u0103 redirec\u021bionezi <strong>2% din impozitul t\u0103u pe venit<\/strong> c\u0103tre <strong>Asocia\u021bia Ob\u0219teasc\u0103 SOARTA<\/strong>.<\/p>\n\n\n\n<p class=\"has-small-font-size\"><strong>Cod fiscal AO SOARTA: 1017620000203<\/strong><\/p>\n\n\n\n<p class=\"is-style-text-subtitle has-medium-font-size is-style-text-subtitle--7\"><strong>Face\u021bi clic pe butonul de mai jos pentru a citi&nbsp;intreg articolul.<\/strong><\/p>\n<\/div>\n<\/div>\n\n\n\n<div class=\"wp-block-columns is-layout-flex wp-container-core-columns-is-layout-28f84493 wp-block-columns-is-layout-flex\">\n<div class=\"wp-block-column is-layout-flow wp-block-column-is-layout-flow\">\n<figure class=\"wp-block-image size-full\" style=\"margin-bottom:24px\"><img loading=\"lazy\" decoding=\"async\" width=\"1024\" height=\"1536\" src=\"https:\/\/soarta.org\/wp-content\/uploads\/2025\/12\/WhatsApp-Image-2025-12-06-at-14.38.11.jpeg\" alt=\"\" class=\"wp-image-2189\" style=\"aspect-ratio:4\/3;object-fit:contain\" srcset=\"https:\/\/soarta.org\/wp-content\/uploads\/2025\/12\/WhatsApp-Image-2025-12-06-at-14.38.11.jpeg 1024w, https:\/\/soarta.org\/wp-content\/uploads\/2025\/12\/WhatsApp-Image-2025-12-06-at-14.38.11-200x300.jpeg 200w, https:\/\/soarta.org\/wp-content\/uploads\/2025\/12\/WhatsApp-Image-2025-12-06-at-14.38.11-683x1024.jpeg 683w, https:\/\/soarta.org\/wp-content\/uploads\/2025\/12\/WhatsApp-Image-2025-12-06-at-14.38.11-768x1152.jpeg 768w, https:\/\/soarta.org\/wp-content\/uploads\/2025\/12\/WhatsApp-Image-2025-12-06-at-14.38.11-8x12.jpeg 8w\" sizes=\"auto, (max-width: 1024px) 100vw, 1024px\" \/><\/figure>\n\n\n\n<p class=\"has-small-font-size\">06\/12\/2025<\/p>\n\n\n\n<h3 class=\"wp-block-heading has-medium-font-size\"><strong><strong><strong><strong><strong><strong><strong>Apel de solidaritate pentru Masa de Cr\u0103ciun<\/strong><\/strong><\/strong><\/strong><\/strong><br><br><\/strong><\/strong><\/h3>\n\n\n\n<p class=\"has-small-font-size\">\u0218i anul acesta, Asocia\u021bia Ob\u0219teasc\u0103 <em>Soarta<\/em> preg\u0103te\u0219te co\u0219uri cadou pentru familiile vulnerabile din nordul Moldovei. <\/p>\n\n\n\n<p class=\"has-small-font-size\">Cu doar <strong>25\u20ac<\/strong>, po\u021bi aduce un z\u00e2mbet unui copil, unui bunic sau unei familii aflate \u00een nevoie.<\/p>\n\n\n\n<p class=\"has-small-font-size\">Ne dorim s\u0103 ajut\u0103m cel putin <strong>100 de familii<\/strong> \u2013 hai s\u0103 facem \u00eempreun\u0103 ca bucuria Cr\u0103ciunului s\u0103 ajung\u0103 \u00een fiecare cas\u0103! \u2764\ufe0f<br>Doneaz\u0103 online: soarta.org\/en\/donate<br>sau prin transfer bancar (AO SOARTA)<br>IBAN: MD43AG000000022514262990 | SWIFT: AGRNMD2X<\/p>\n\n\n\n<p class=\"has-small-font-size\">\u00cempreun\u0103 aducem lumina acolo unde lipse\u0219te! \ud83c\udf84<\/p>\n\n\n\n<p class=\"is-style-text-subtitle has-medium-font-size is-style-text-subtitle--8\"><strong>Face\u021bi clic pe butonul de mai jos pentru a citi&nbsp;intreg articolul.<\/strong><\/p>\n<\/div>\n<\/div>\n\n\n\n<div class=\"wp-block-columns is-layout-flex wp-container-core-columns-is-layout-28f84493 wp-block-columns-is-layout-flex\">\n<div class=\"wp-block-column is-layout-flow wp-block-column-is-layout-flow\">\n<figure class=\"wp-block-image size-full\" style=\"margin-bottom:24px\"><img loading=\"lazy\" decoding=\"async\" width=\"703\" height=\"212\" src=\"https:\/\/soarta.org\/wp-content\/uploads\/2025\/05\/Web-1.gif\" alt=\"\" class=\"wp-image-1281\" style=\"aspect-ratio:4\/3;object-fit:contain\"\/><\/figure>\n\n\n\n<p class=\"has-small-font-size\">03\/10\/2025<\/p>\n\n\n\n<h3 class=\"wp-block-heading has-medium-font-size\"><strong><strong><strong><strong><strong><strong><strong>Invita\u021bie la Ateliere de Promovare \u0219i Valorificare a Patrimoniului Cultural Material<\/strong><\/strong><\/strong><\/strong><\/strong><br><br><\/strong><\/strong><\/h3>\n\n\n\n<p class=\"has-small-font-size\">Stima\u021bi reprezentan\u021bi ai institu\u021biilor culturale \u0219i turistice, dragi promotori ai patrimoniului, profesioni\u0219ti \u0219i pasiona\u021bi de cultur\u0103 \u0219i turism!<\/p>\n\n\n\n<p class=\"has-small-font-size\">V\u0103 invit\u0103m s\u0103 participa\u021bi la o serie de ateliere dedicate <strong>dezvolt\u0103rii abilit\u0103\u021bilor de promovare a patrimoniului cultural material <\/strong>, organizate at\u00e2t \u00een Rom\u00e2nia, c\u00e2t \u0219i \u00een Republica Moldova.<\/p>\n\n\n\n<p class=\"has-small-font-size\"><strong>\u00censcrieri \u0219i informa\u021bii:<\/strong><br>\ud83d\udce7 Trimite\u021bi solicitarea de participare la <strong>office@soarta.org<\/strong><br>\ud83d\udcde Pentru detalii suplimentare, nu pute\u021bi contacta la <strong>069182226<\/strong><\/p>\n\n\n\n<p class=\"has-small-font-size\">V\u0103 pasioneaz\u0103 cultura, tradi\u021biile \u0219i turismul? Aceast\u0103 invita\u021bie este pentru voi!<\/p>\n\n\n\n<p class=\"has-small-font-size\">V\u0103 a\u0219tept\u0103m al\u0103turi de noi pentru a construi \u00eempreun\u0103 pun\u021bi culturale \u0219i a transforma patrimoniul \u00eentr-un motor al dezvolt\u0103rii!<\/p>\n\n\n\n<p class=\"is-style-text-subtitle has-medium-font-size is-style-text-subtitle--9\"><strong>Face\u021bi clic pe butonul de mai jos pentru a citi&nbsp;intreg articolul.<\/strong><\/p>\n<\/div>\n<\/div>\n\n\n\n<div class=\"wp-block-columns is-layout-flex wp-container-core-columns-is-layout-28f84493 wp-block-columns-is-layout-flex\">\n<div class=\"wp-block-column is-layout-flow wp-block-column-is-layout-flow\">\n<figure class=\"wp-block-image size-full\" style=\"margin-bottom:24px\"><img loading=\"lazy\" decoding=\"async\" width=\"1200\" height=\"1600\" src=\"https:\/\/soarta.org\/wp-content\/uploads\/2025\/09\/conferinta-de-lansare-1-2.jpg\" alt=\"\" class=\"wp-image-2103\" style=\"aspect-ratio:4\/3;object-fit:contain\" srcset=\"https:\/\/soarta.org\/wp-content\/uploads\/2025\/09\/conferinta-de-lansare-1-2.jpg 1200w, https:\/\/soarta.org\/wp-content\/uploads\/2025\/09\/conferinta-de-lansare-1-2-225x300.jpg 225w, https:\/\/soarta.org\/wp-content\/uploads\/2025\/09\/conferinta-de-lansare-1-2-768x1024.jpg 768w, https:\/\/soarta.org\/wp-content\/uploads\/2025\/09\/conferinta-de-lansare-1-2-1152x1536.jpg 1152w, https:\/\/soarta.org\/wp-content\/uploads\/2025\/09\/conferinta-de-lansare-1-2-9x12.jpg 9w\" sizes=\"auto, (max-width: 1200px) 100vw, 1200px\" \/><\/figure>\n\n\n\n<p class=\"has-small-font-size\">25\/09\/2025<\/p>\n\n\n\n<h3 class=\"wp-block-heading has-medium-font-size\"><strong><strong><strong><strong><strong><strong>Conferin\u021ba &nbsp;de pres\u0103 prilejuit\u0103 de lansarea unui nou proiect transfrontalier Rom\u00e2nia \u2013 Republica Moldova<\/strong><\/strong><\/strong><\/strong><br><br><\/strong><\/strong><\/h3>\n\n\n\n<p class=\"has-small-font-size\">Asocia\u021bia Ob\u0219teasc\u0103 SOARTA, \u00een parteneriat cu Comunitatea Religioas\u0103 Biserica cu Hramul Sf\u00e2ntul Mare Mucenic Dimitrie din cartierul Bujereuca, municipiul Soroca, anun\u021b\u0103 demararea implement\u0103rii proiectului \u201eCulti\u0219or: CROSS-BORDER NETWORK OF CULTURE IA\u0218I\u2013SOROCA (RE\u021aEAUA TRANSFRONTALIER\u0102 DE CULTUR\u0102 IA\u0218I\u2013SOROCA)\u201d cu num\u0103rul de referin\u021b\u0103 ROMD00157, finan\u021bat de Uniunea European\u0103 prin Programul Interreg NEXT Rom\u00e2nia\u2013Republica Moldova 2021\u20132027.<\/p>\n\n\n\n<p class=\"has-small-font-size\">Ast\u0103zi s-a desf\u0103\u0219urat conferin\u021ba de pres\u0103 prilejuit\u0103 de lansarea acestui nou proiect transfrontalier Rom\u00e2nia \u2013 Republica Moldova, dedicat conserv\u0103rii \u0219i valorific\u0103rii patrimoniului bisericesc \u0219i cultural. Proiectul vizeaz\u0103 dou\u0103 monumente de patrimoniu deosebit de valoroase: Biserica \u201eSfin\u021bii Teodori\u201d din Ia\u0219i \u0219i Biserica \u201eSf\u00e2ntul Mare Mucenic Dimitrie\u201d din Soroca, care vor fi restaurate \u0219i puse \u00een valoare printr-un set complex de interven\u021bii \u0219i activit\u0103\u021bi culturale.<\/p>\n\n\n\n<p class=\"is-style-text-subtitle has-medium-font-size is-style-text-subtitle--10\"><strong>Face\u021bi clic pe butonul de mai jos pentru a citi&nbsp;intreg articolul.<\/strong><\/p>\n<\/div>\n<\/div>\n\n\n\n<div class=\"wp-block-columns is-layout-flex wp-container-core-columns-is-layout-28f84493 wp-block-columns-is-layout-flex\">\n<div class=\"wp-block-column is-layout-flow wp-block-column-is-layout-flow\">\n<figure class=\"wp-block-image size-full\" style=\"margin-bottom:24px\"><img loading=\"lazy\" decoding=\"async\" width=\"1600\" height=\"1200\" src=\"https:\/\/soarta.org\/wp-content\/uploads\/2025\/09\/Imagine-WhatsApp-2025-09-19-la-20.09.54_4a154941.jpg\" alt=\"\" class=\"wp-image-2045\" style=\"aspect-ratio:4\/3;object-fit:contain\" srcset=\"https:\/\/soarta.org\/wp-content\/uploads\/2025\/09\/Imagine-WhatsApp-2025-09-19-la-20.09.54_4a154941.jpg 1600w, https:\/\/soarta.org\/wp-content\/uploads\/2025\/09\/Imagine-WhatsApp-2025-09-19-la-20.09.54_4a154941-300x225.jpg 300w, https:\/\/soarta.org\/wp-content\/uploads\/2025\/09\/Imagine-WhatsApp-2025-09-19-la-20.09.54_4a154941-1024x768.jpg 1024w, https:\/\/soarta.org\/wp-content\/uploads\/2025\/09\/Imagine-WhatsApp-2025-09-19-la-20.09.54_4a154941-768x576.jpg 768w, https:\/\/soarta.org\/wp-content\/uploads\/2025\/09\/Imagine-WhatsApp-2025-09-19-la-20.09.54_4a154941-1536x1152.jpg 1536w, https:\/\/soarta.org\/wp-content\/uploads\/2025\/09\/Imagine-WhatsApp-2025-09-19-la-20.09.54_4a154941-16x12.jpg 16w\" sizes=\"auto, (max-width: 1600px) 100vw, 1600px\" \/><\/figure>\n\n\n\n<p class=\"has-small-font-size\">19\/09\/2025<\/p>\n\n\n\n<h3 class=\"wp-block-heading has-medium-font-size\"><strong><strong><strong><strong>Formare \u00een muzic\u0103 religioas\u0103 \u0219i schimb de experien\u021b\u0103 \u00een genuri muzicale pentru dirijori de coruri biserice\u0219ti din Rom\u00e2nia \u0219i din cuprinsul Republicii Moldova<\/strong><\/strong><br><br><\/strong><\/strong><\/h3>\n\n\n\n<p class=\"has-small-font-size\">Asocia\u021bia Ob\u0219teasc\u0103 SOARTA a organizat \u00een perioada 16\u201317 septembrie 2025 la Soroca Eveniment Formare \u00een muzic\u0103 religioas\u0103 \u0219i schimb de experien\u021b\u0103 \u00een genuri muzicale pentru dirijori de coruri biserice\u0219ti din Rom\u00e2nia \u0219i din cuprinsul Republicii Moldova \u00een cadrul Proiectului CROSS-BORDER NETWORK OF CULTURE IASI-SOROCA (Re\u021beaua Transfrontalier\u0103 de Cultur\u0103 Ia\u0219i-Soroca), cu num\u0103rul de referin\u021b\u0103 ROMD00157, finan\u021bat de Uniunea European\u0103 prin Programul Interreg NEXT Rom\u00e2nia\u2013Republica Moldova 2021\u20132027,<\/p>\n\n\n\n<p class=\"has-small-font-size\">Aici, la Soroca, s-au adunat peste 55 de dirijori de coruri biserice\u0219ti din Rom\u00e2nia \u0219i din diferite zone ale Republicii Moldova, \u00eentr-un duh de comuniune, \u00een care muzica bisericeasc\u0103 a devenit limbaj al sufletului \u0219i punte de leg\u0103tur\u0103 \u00eentre oameni, comunit\u0103\u021bi \u0219i tradi\u021bii. Rolul dirijorului de cor este unul nobil \u2013 acela de a armoniza nu doar vocile, ci \u0219i inimile, aduc\u00e2nd lumina credin\u021bei \u00een via\u021ba celor care ascult\u0103.<\/p>\n\n\n\n<p class=\"is-style-text-subtitle has-medium-font-size is-style-text-subtitle--11\"><strong>Face\u021bi clic pe butonul de mai jos pentru a citi&nbsp;intreg articolul.<\/strong><\/p>\n<\/div>\n<\/div>\n\n\n\n<div class=\"wp-block-columns is-layout-flex wp-container-core-columns-is-layout-28f84493 wp-block-columns-is-layout-flex\">\n<div class=\"wp-block-column is-layout-flow wp-block-column-is-layout-flow\">\n<figure class=\"wp-block-image size-full\" style=\"margin-bottom:24px\"><img loading=\"lazy\" decoding=\"async\" width=\"720\" height=\"212\" src=\"https:\/\/soarta.org\/wp-content\/uploads\/2025\/05\/WEB-RO-2.png\" alt=\"\" class=\"wp-image-1279\" style=\"aspect-ratio:4\/3;object-fit:contain\" srcset=\"https:\/\/soarta.org\/wp-content\/uploads\/2025\/05\/WEB-RO-2.png 720w, https:\/\/soarta.org\/wp-content\/uploads\/2025\/05\/WEB-RO-2-300x88.png 300w, https:\/\/soarta.org\/wp-content\/uploads\/2025\/05\/WEB-RO-2-18x5.png 18w\" sizes=\"auto, (max-width: 720px) 100vw, 720px\" \/><\/figure>\n\n\n\n<p class=\"has-small-font-size\">15\/08\/2025<\/p>\n\n\n\n<h3 class=\"wp-block-heading has-medium-font-size\"><strong><strong><strong>INVITA\u021aIE<\/strong><br><br><\/strong>C\u0103tre dirijorii de coruri biserice\u0219ti din Eparhia de Soroca \u0219i Drochia<\/strong><\/h3>\n\n\n\n<p class=\"has-small-font-size\">Preacinsti\u021bi \u0219i dedica\u021bi slujitori ai c\u00e2nt\u0103rii biserice\u0219ti,<\/p>\n\n\n\n<p class=\"has-small-font-size\">V\u0103 invit\u0103m cu bucurie \u0219i dragoste fr\u0103\u021beasc\u0103 s\u0103 lua\u021bi parte la <strong>Formarea \u00een muzic\u0103 religioas\u0103 \u0219i schimbul de experien\u021b\u0103<\/strong> organizate \u00een cadrul proiectului <em>CROSS-BORDER NETWORK OF CULTURE IA\u0218I\u2013SOROCA<\/em> (ROMD00157).<\/p>\n\n\n\n<p class=\"has-small-font-size\">\ud83d\udccc <strong>Cine poate participa:<\/strong><br>Dirijori ai corurilor biserice\u0219ti &#8211; persoane pasionate de muzica religioas\u0103, care doresc s\u0103 \u00eenve\u021be, s\u0103-\u0219i \u00eembun\u0103t\u0103\u021beasc\u0103 cuno\u0219tin\u021bele \u0219i s\u0103 \u00eemp\u0103rt\u0103\u0219easc\u0103 experien\u021ba proprie.<\/p>\n\n\n\n<p class=\"has-small-font-size\">\ud83d\udcde <strong>\u00censcrieri:<\/strong> telefon 069182226: email <a href=\"mailto:office@soarta.org\">office@soarta.org<\/a><\/p>\n\n\n\n<p class=\"has-small-font-size\"><strong>V\u0103 a\u0219tept\u0103m cu inimile deschise<\/strong>,<br>pentru a c\u00e2nta \u00eempreun\u0103 spre slava lui Dumnezeu \u0219i spre bucuria credincio\u0219ilor.<\/p>\n\n\n\n<p class=\"is-style-text-subtitle has-medium-font-size is-style-text-subtitle--12\"><strong>Face\u021bi clic pe butonul de mai jos pentru a citi&nbsp;intreg articolul.<\/strong><\/p>\n<\/div>\n<\/div>\n\n\n\n<div class=\"wp-block-columns is-layout-flex wp-container-core-columns-is-layout-28f84493 wp-block-columns-is-layout-flex\">\n<div class=\"wp-block-column is-layout-flow wp-block-column-is-layout-flow\">\n<figure class=\"wp-block-image size-full\" style=\"margin-bottom:24px\"><img loading=\"lazy\" decoding=\"async\" width=\"720\" height=\"212\" src=\"https:\/\/soarta.org\/wp-content\/uploads\/2025\/05\/WEB-RO-2.png\" alt=\"\" class=\"wp-image-1279\" style=\"aspect-ratio:4\/3;object-fit:contain\" srcset=\"https:\/\/soarta.org\/wp-content\/uploads\/2025\/05\/WEB-RO-2.png 720w, https:\/\/soarta.org\/wp-content\/uploads\/2025\/05\/WEB-RO-2-300x88.png 300w, https:\/\/soarta.org\/wp-content\/uploads\/2025\/05\/WEB-RO-2-18x5.png 18w\" sizes=\"auto, (max-width: 720px) 100vw, 720px\" \/><\/figure>\n\n\n\n<p class=\"has-small-font-size\">24\/06\/2025<\/p>\n\n\n\n<h3 class=\"wp-block-heading has-medium-font-size\"><strong><strong>\u00cenva\u021b\u0103, Dezvolt\u0103-te, Fii Rezilient!<\/strong><\/strong><\/h3>\n\n\n\n<figure class=\"wp-block-image\"><img decoding=\"async\" src=\"https:\/\/static.xx.fbcdn.net\/images\/emoji.php\/v9\/t8c\/1\/16\/1f389.png\" alt=\"\ud83c\udf89\"\/><\/figure>\n\n\n\n<p class=\"has-small-font-size\">D\u0103m startul implement\u0103rii proiectului \u201e\u00cenva\u021b\u0103, Cre\u0219te, Fii Rezilient!\u201d \u2013 un proiect educa\u021bional transfrontalier dedicat tinerilor din Rom\u00e2nia \u0219i Republica Moldova!<\/p>\n\n\n\n<p class=\"has-small-font-size\">Acest proiect este implementat de Adociatia Iubire \u0219i Incrdere din Ia\u0219i \u00een parteneriat cu Asocia\u021bia Ob\u0219teasc\u0103 Soarta <a><\/a>\u0219i Liceul Teoretic Constantin Stere din Soroca.<\/p>\n\n\n\n<figure class=\"wp-block-image\"><img decoding=\"async\" src=\"https:\/\/static.xx.fbcdn.net\/images\/emoji.php\/v9\/t49\/1\/16\/1f4da.png\" alt=\"\ud83d\udcda\"\/><\/figure>\n\n\n\n<figure class=\"wp-block-image\"><img decoding=\"async\" src=\"https:\/\/static.xx.fbcdn.net\/images\/emoji.php\/v9\/t3c\/1\/16\/1f4a1.png\" alt=\"\ud83d\udca1\"\/><\/figure>\n\n\n\n<p class=\"has-small-font-size\">Urm\u0103re\u0219te-ne pentru nout\u0103\u021bi \u0219i implic\u0103-te \u00een construirea unui viitor mai puternic \u0219i mai solidar pentru tinerii no\u0219tri!<\/p>\n\n\n\n<p class=\"is-style-text-subtitle has-medium-font-size is-style-text-subtitle--13\"><strong>Face\u021bi clic pe butonul de mai jos pentru a citi&nbsp;intreg articolul.<\/strong><\/p>\n<\/div>\n<\/div>\n\n\n\n<div class=\"wp-block-columns is-layout-flex wp-container-core-columns-is-layout-28f84493 wp-block-columns-is-layout-flex\">\n<div class=\"wp-block-column is-layout-flow wp-block-column-is-layout-flow\">\n<figure class=\"wp-block-image size-full\" style=\"margin-bottom:24px\"><img loading=\"lazy\" decoding=\"async\" width=\"720\" height=\"212\" src=\"https:\/\/soarta.org\/wp-content\/uploads\/2025\/05\/WEB-RO-2.png\" alt=\"\" class=\"wp-image-1279\" style=\"aspect-ratio:4\/3;object-fit:contain\" srcset=\"https:\/\/soarta.org\/wp-content\/uploads\/2025\/05\/WEB-RO-2.png 720w, https:\/\/soarta.org\/wp-content\/uploads\/2025\/05\/WEB-RO-2-300x88.png 300w, https:\/\/soarta.org\/wp-content\/uploads\/2025\/05\/WEB-RO-2-18x5.png 18w\" sizes=\"auto, (max-width: 720px) 100vw, 720px\" \/><\/figure>\n\n\n\n<p class=\"has-small-font-size\">23\/06\/2025<\/p>\n\n\n\n<h3 class=\"wp-block-heading has-medium-font-size\"><strong><strong>Calea Istoriei \u0219i Tradi\u021biilor: Ia\u0219i &#8211; Soroca<\/strong><\/strong><\/h3>\n\n\n\n<p class=\"has-small-font-size\">Lansarea proiectului \u201eCalea Istoriei \u0219i Tradi\u021biilor: Ia\u0219i &#8211; Soroca\u201d<\/p>\n\n\n\n<p class=\"has-small-font-size\">Cu bucurie anun\u021b\u0103m lansarea oficial\u0103 a proiectului \u201eCalea Istoriei \u0219i Tradi\u021biilor: Ia\u0219i &#8211; Soroca\u201d, o ini\u021biativ\u0103 transfrontalier\u0103 menit\u0103 s\u0103 celebreze, conserve \u0219i promoveze bogata mo\u0219tenire cultural\u0103 a regiunii Ia\u0219i \u2013 Soroca.<\/p>\n\n\n\n<p class=\"has-small-font-size\">V\u0103 invit\u0103m s\u0103 fi\u021bi parte din aceast\u0103 c\u0103l\u0103torie a redescoperirii, dialogului \u0219i construirii unui viitor comun ancorat \u00een tradi\u021bie!<\/p>\n\n\n\n<p class=\"is-style-text-subtitle has-medium-font-size is-style-text-subtitle--14\"><strong>Face\u021bi clic pe butonul de mai jos pentru a citi&nbsp;intreg articolul.<\/strong><\/p>\n<\/div>\n<\/div>\n\n\n\n<div class=\"wp-block-columns is-layout-flex wp-container-core-columns-is-layout-28f84493 wp-block-columns-is-layout-flex\">\n<div class=\"wp-block-column is-layout-flow wp-block-column-is-layout-flow\">\n<figure class=\"wp-block-image size-full\" style=\"margin-bottom:24px\"><img loading=\"lazy\" decoding=\"async\" width=\"720\" height=\"212\" src=\"https:\/\/soarta.org\/wp-content\/uploads\/2025\/05\/WEB-RO-2.png\" alt=\"\" class=\"wp-image-1279\" style=\"aspect-ratio:4\/3;object-fit:contain\" srcset=\"https:\/\/soarta.org\/wp-content\/uploads\/2025\/05\/WEB-RO-2.png 720w, https:\/\/soarta.org\/wp-content\/uploads\/2025\/05\/WEB-RO-2-300x88.png 300w, https:\/\/soarta.org\/wp-content\/uploads\/2025\/05\/WEB-RO-2-18x5.png 18w\" sizes=\"auto, (max-width: 720px) 100vw, 720px\" \/><\/figure>\n\n\n\n<p class=\"has-small-font-size\">27\/05\/2025<\/p>\n\n\n\n<h3 class=\"wp-block-heading has-medium-font-size\"><strong><strong>RE\u0162EA TRANSFRONTALIER\u0102 DE CULTUR\u0102 IASI-SOROCA<\/strong><\/strong><\/h3>\n\n\n\n<p class=\"has-small-font-size\">Asocia\u021bia Ob\u0219teasc\u0103 SOARTA a dat start implement\u0103rii proiectului \u201e<strong>RE\u0162EA TRANSFRONTALIER\u0102 DE CULTUR\u0102 IASI-SOROCA<\/strong>\u201d \u00eencep\u00e2nd cu data de 27.05.2025.<\/p>\n\n\n\n<p class=\"has-small-font-size\">Proiectul \u00ee\u0219i propune continuarea renov\u0103rii acestor dou\u0103 biserici \u0219i consolidarea rolului culturii \u0219i turismului durabil \u00een dezvoltarea economic\u0103, incluziunea social\u0103 \u0219i inovarea social\u0103 prin diverse activit\u0103\u021bi ce se vor desf\u0103\u0219ura la Ia\u0219i \u0219i Soroca.<\/p>\n\n\n\n<p class=\"is-style-text-subtitle has-medium-font-size is-style-text-subtitle--15\"><strong>Face\u021bi clic pe butonul de mai jos pentru a citi&nbsp;intreg articolul.<\/strong><\/p>\n<\/div>\n<\/div>\n\n\n\n<div class=\"wp-block-columns is-layout-flex wp-container-core-columns-is-layout-28f84493 wp-block-columns-is-layout-flex\">\n<div class=\"wp-block-column is-layout-flow wp-block-column-is-layout-flow\">\n<figure class=\"wp-block-image size-full\" style=\"margin-bottom:24px\"><img loading=\"lazy\" decoding=\"async\" width=\"720\" height=\"212\" src=\"https:\/\/soarta.org\/wp-content\/uploads\/2025\/05\/WEB-RO-2.png\" alt=\"\" class=\"wp-image-1279\" style=\"aspect-ratio:4\/3;object-fit:contain\" srcset=\"https:\/\/soarta.org\/wp-content\/uploads\/2025\/05\/WEB-RO-2.png 720w, https:\/\/soarta.org\/wp-content\/uploads\/2025\/05\/WEB-RO-2-300x88.png 300w, https:\/\/soarta.org\/wp-content\/uploads\/2025\/05\/WEB-RO-2-18x5.png 18w\" sizes=\"auto, (max-width: 720px) 100vw, 720px\" \/><\/figure>\n\n\n\n<p class=\"has-small-font-size\">01\/05\/2025<\/p>\n\n\n\n<h3 class=\"wp-block-heading\"><strong>Circuite turistice \u00een Rom\u00e2nia<\/strong><\/h3>\n\n\n\n<p class=\"has-small-font-size\">Asocia\u021bia Ob\u0219teasc\u0103 SOARTA organizeaz\u0103 <strong>gratis <\/strong>\u00een cadrul implement\u0103rii proiectului \u201eCULTUR\u0102: Cultur\u0103 \u0219i Turism Durabil pentru Incluziune Social\u0103 \u0219i Inova\u021bie \u00een Republica Moldova \u0219i Rom\u00e2nia\u201d: <\/p>\n\n\n\n<p class=\"has-small-font-size\">Circuite turistice de o zi la obiective de patrimoniu \u0219i culturale din municipiul Ia\u0219i, Rom\u00e2nia \u0219i \u00eemprejurimile lui<\/p>\n\n\n\n<p class=\"has-small-font-size\">Circuite turistice de trei zile \u0219i dou\u0103 nop\u021bi la obiective de patrimoniu \u0219i culturale din jude\u021bele Ia\u0219i, Boto\u0219ani, Vaslui din Rom\u00e2nia<\/p>\n\n\n\n<p class=\"is-style-text-subtitle has-medium-font-size is-style-text-subtitle--16\"><strong>Face\u021bi clic pe butonul de mai jos pentru a citi&nbsp;intreg articolul.<\/strong><\/p>\n<\/div>\n<\/div>\n\n\n\n<div class=\"wp-block-columns is-layout-flex wp-container-core-columns-is-layout-28f84493 wp-block-columns-is-layout-flex\">\n<div class=\"wp-block-column is-layout-flow wp-block-column-is-layout-flow\">\n<figure class=\"wp-block-image size-full\" style=\"margin-bottom:24px\"><img loading=\"lazy\" decoding=\"async\" width=\"720\" height=\"212\" src=\"https:\/\/soarta.org\/wp-content\/uploads\/2025\/05\/WEB-RO-2.png\" alt=\"\" class=\"wp-image-1279\" style=\"aspect-ratio:4\/3;object-fit:contain\" srcset=\"https:\/\/soarta.org\/wp-content\/uploads\/2025\/05\/WEB-RO-2.png 720w, https:\/\/soarta.org\/wp-content\/uploads\/2025\/05\/WEB-RO-2-300x88.png 300w, https:\/\/soarta.org\/wp-content\/uploads\/2025\/05\/WEB-RO-2-18x5.png 18w\" sizes=\"auto, (max-width: 720px) 100vw, 720px\" \/><\/figure>\n\n\n\n<p class=\"has-small-font-size\">25\/04\/2025<\/p>\n\n\n\n<h3 class=\"wp-block-heading has-medium-font-size\"><strong>Cunoa\u0219tere F\u0103r\u0103 Frontiere: Acces Universal la Educa\u021bie \u0219i Formare \u00een Rom\u00e2nia-Moldova<\/strong><\/h3>\n\n\n\n<p class=\"has-small-font-size\">Din data de 25 aprilie 2025 Asocia\u021bia Ob\u0219teasc\u0103 SOARTA a dat start implement\u0103rii acestui proiect <strong>Finan\u021bat&nbsp; de Uniunea Europeana. Programul Interreg NEXT Rom\u00e2nia-Republica Moldova 2021-2027<\/strong><\/p>\n\n\n\n<p class=\"has-small-font-size\">Proiectul prezint\u0103 un plan cuprinz\u0103tor pentru dezvoltarea profesional\u0103 \u0219i schimbul de cuno\u0219tin\u021be \u00een Rom\u00e2nia (RO) \u0219i Republica Moldova (MD). Acesta \u00ee\u0219i propune s\u0103 \u00eembun\u0103t\u0103\u021beasc\u0103 competen\u021bele \u0219i s\u0103 abordeze provoc\u0103rile din diverse domenii, cum ar fi educa\u021bia, asisten\u021ba social\u0103, psihologia, agricultura, cultura \u0219i artele. Activit\u0103\u021bile includ ateliere, simpozioane, campanii \u0219i crearea de re\u021bele de speciali\u0219ti..<\/p>\n\n\n\n<p class=\"is-style-text-subtitle has-medium-font-size is-style-text-subtitle--17\"><strong>Face\u021bi clic pe butonul de mai jos pentru a citi&nbsp;intreg articolul.<\/strong><\/p>\n<\/div>\n<\/div>\n\n\n\n<div class=\"wp-block-columns is-layout-flex wp-container-core-columns-is-layout-28f84493 wp-block-columns-is-layout-flex\">\n<div class=\"wp-block-column is-layout-flow wp-block-column-is-layout-flow\">\n<figure class=\"wp-block-image size-full\" style=\"margin-bottom:24px\"><img loading=\"lazy\" decoding=\"async\" width=\"703\" height=\"212\" src=\"https:\/\/soarta.org\/wp-content\/uploads\/2025\/05\/Web.gif\" alt=\"\" class=\"wp-image-1275\" style=\"aspect-ratio:4\/3;object-fit:contain\"\/><\/figure>\n\n\n\n<p class=\"has-small-font-size\">13\/03\/2025<\/p>\n\n\n\n<h3 class=\"wp-block-heading has-medium-font-size\"><strong>CULTUR\u0102: Cultur\u0103 \u0219i Turism Durabil pentru<br>Incluziune Social\u0103 \u0219i Inova\u021bie \u00een Republica Moldova<br>\u0219i Rom\u00e2nia<\/strong><\/h3>\n\n\n\n<p class=\"has-small-font-size\">Ast\u0103zi, 13 martie 2025 a \u00eenceput implementarea acestui proiect \u00een parteneriat cu Funda\u021bia Solidaritate \u0219i Speran\u021b\u0103 din Ia\u0219i, Rom\u00e2nia <strong>Finan\u021bat&nbsp; de Uniunea Europeana. Programul Interreg NEXT Rom\u00e2nia-Republica  Moldova 2021-2027<\/strong>.<br><\/p>\n\n\n\n<p class=\"has-small-font-size\">Proiectul vizeaz\u0103 stimularea cooper\u0103rii transfrontaliere \u00eentre organiza\u021bii neguvernamentale din Rom\u00e2nia \u0219i Republica Moldova, \u00een vederea promov\u0103rii mo\u0219tenirii culturale \u0219i a turismului durabil. \u00cen cadrul proiectului va fi promovat turismul sustenabil .<\/p>\n\n\n\n<p class=\"is-style-text-subtitle has-medium-font-size is-style-text-subtitle--18\"><strong>Face\u021bi clic pe butonul de mai jos pentru a citi&nbsp;intreg articolul.<\/strong><\/p>\n<\/div>\n<\/div>\n\n\n\n<div class=\"wp-block-columns is-layout-flex wp-container-core-columns-is-layout-28f84493 wp-block-columns-is-layout-flex\">\n<div class=\"wp-block-column is-layout-flow wp-block-column-is-layout-flow\">\n<figure class=\"wp-block-image size-full\" style=\"margin-bottom:24px\"><img loading=\"lazy\" decoding=\"async\" width=\"500\" height=\"614\" src=\"https:\/\/soarta.org\/wp-content\/uploads\/2025\/03\/paste-1.jpg\" alt=\"\" class=\"wp-image-655\" style=\"aspect-ratio:4\/3;object-fit:cover\" srcset=\"https:\/\/soarta.org\/wp-content\/uploads\/2025\/03\/paste-1.jpg 500w, https:\/\/soarta.org\/wp-content\/uploads\/2025\/03\/paste-1-244x300.jpg 244w, https:\/\/soarta.org\/wp-content\/uploads\/2025\/03\/paste-1-10x12.jpg 10w\" sizes=\"auto, (max-width: 500px) 100vw, 500px\" \/><\/figure>\n\n\n\n<p class=\"has-small-font-size\">05\/03\/2025<\/p>\n\n\n\n<h3 class=\"wp-block-heading has-medium-font-size\"><strong>\u00cemparte bucuria s\u0103rb\u0103torilor de Pa\u0219te!<\/strong><\/h3>\n\n\n\n<p class=\"has-small-font-size\">De Pa\u0219ti, a\u0219tept\u0103m cu to\u021bii magia \u00cenvierii!<br>De s\u0103rb\u0103tori se \u00eent\u00e2mpl\u0103 minuni! \u015ei dumneavoastr\u0103 pute\u021bi \u00eemp\u0103r\u021bi bucuria s\u0103rb\u0103torilor de Pa\u0219te cu cineva \u00een nevoi, aduc\u00e2nd \u015fi \u00een casele lor spiritul s\u0103rb\u0103torilor Pascale.<br><\/p>\n\n\n\n<p class=\"has-small-font-size\">Ajut\u0103 ca s\u0103 ajut\u0103m!<br>Ajut\u0103 un om de Pa\u0219te!<\/p>\n\n\n\n<p class=\"is-style-text-subtitle has-medium-font-size is-style-text-subtitle--19\"><strong>Face\u021bi clic pe butonul de mai jos pentru a citi&nbsp;intreg articolul.<\/strong><\/p>\n<\/div>\n<\/div>\n\n\n\n<div class=\"wp-block-columns is-layout-flex wp-container-core-columns-is-layout-28f84493 wp-block-columns-is-layout-flex\">\n<div class=\"wp-block-column is-layout-flow wp-block-column-is-layout-flow\">\n<figure class=\"wp-block-image size-full\" style=\"margin-bottom:24px\"><img loading=\"lazy\" decoding=\"async\" width=\"1240\" height=\"740\" src=\"https:\/\/soarta.org\/wp-content\/uploads\/2025\/03\/2-procente-1.jpg\" alt=\"\" class=\"wp-image-625\" style=\"aspect-ratio:4\/3;object-fit:cover\" srcset=\"https:\/\/soarta.org\/wp-content\/uploads\/2025\/03\/2-procente-1.jpg 1240w, https:\/\/soarta.org\/wp-content\/uploads\/2025\/03\/2-procente-1-300x179.jpg 300w, https:\/\/soarta.org\/wp-content\/uploads\/2025\/03\/2-procente-1-1024x611.jpg 1024w, https:\/\/soarta.org\/wp-content\/uploads\/2025\/03\/2-procente-1-768x458.jpg 768w, https:\/\/soarta.org\/wp-content\/uploads\/2025\/03\/2-procente-1-18x12.jpg 18w\" sizes=\"auto, (max-width: 1240px) 100vw, 1240px\" \/><\/figure>\n\n\n\n<p class=\"has-small-font-size\">12\/01\/2025<\/p>\n\n\n\n<h3 class=\"wp-block-heading has-medium-font-size\"><strong>SOARTA v\u0103 invit\u0103 s\u0103 dona\u021bi 2% din impozitul pe venit<\/strong><\/h3>\n\n\n\n<p class=\"has-small-font-size\">E simplu \u0219i nu implic\u0103 niciun cost, dar \u00eenseamn\u0103 at\u00e2t de mult pentru oamenii r\u0103ma\u0219i \u00een nevoi.<br>\u0218tiai c\u0103 po\u021bi ajuta oameni \u00een nevoie f\u0103r\u0103 s\u0103 sco\u021bi niciun ban din buzunar? Mecanismul 2% \u00ee\u021bi permite s\u0103 redirec\u021bionezi o mic\u0103 parte din impozitul pe venit \u2013 bani pe care oricum \u00eei pl\u0103te\u0219ti statului \u2013 c\u0103tre o cauz\u0103 care conteaz\u0103 pentru tine. Este un gest simplu, gratuit, dar care poate aduce o schimbare real\u0103 \u00een via\u021ba celor mai vulnerabili.<\/p>\n\n\n\n<p class=\"is-style-text-subtitle has-medium-font-size is-style-text-subtitle--20\"><strong>Face\u021bi clic pe butonul de mai jos pentru a citi&nbsp;intreg articolul.<\/strong><\/p>\n<\/div>\n<\/div>\n\n\n\n<div class=\"wp-block-columns is-layout-flex wp-container-core-columns-is-layout-28f84493 wp-block-columns-is-layout-flex\">\n<div class=\"wp-block-column is-layout-flow wp-block-column-is-layout-flow\">\n<figure class=\"wp-block-image size-full\" style=\"margin-bottom:24px\"><img loading=\"lazy\" decoding=\"async\" width=\"2560\" height=\"1920\" src=\"https:\/\/soarta.org\/wp-content\/uploads\/2025\/02\/Distribution-of-wood-and-coal-for-elderly-people-and-families-with-more-children-15-scaled.jpg\" alt=\"\" class=\"wp-image-102\" style=\"aspect-ratio:4\/3;object-fit:cover\" srcset=\"https:\/\/soarta.org\/wp-content\/uploads\/2025\/02\/Distribution-of-wood-and-coal-for-elderly-people-and-families-with-more-children-15-scaled.jpg 2560w, https:\/\/soarta.org\/wp-content\/uploads\/2025\/02\/Distribution-of-wood-and-coal-for-elderly-people-and-families-with-more-children-15-scaled-600x450.jpg 600w, https:\/\/soarta.org\/wp-content\/uploads\/2025\/02\/Distribution-of-wood-and-coal-for-elderly-people-and-families-with-more-children-15-300x225.jpg 300w, https:\/\/soarta.org\/wp-content\/uploads\/2025\/02\/Distribution-of-wood-and-coal-for-elderly-people-and-families-with-more-children-15-1024x768.jpg 1024w, https:\/\/soarta.org\/wp-content\/uploads\/2025\/02\/Distribution-of-wood-and-coal-for-elderly-people-and-families-with-more-children-15-768x576.jpg 768w, https:\/\/soarta.org\/wp-content\/uploads\/2025\/02\/Distribution-of-wood-and-coal-for-elderly-people-and-families-with-more-children-15-1536x1152.jpg 1536w, https:\/\/soarta.org\/wp-content\/uploads\/2025\/02\/Distribution-of-wood-and-coal-for-elderly-people-and-families-with-more-children-15-2048x1536.jpg 2048w, https:\/\/soarta.org\/wp-content\/uploads\/2025\/02\/Distribution-of-wood-and-coal-for-elderly-people-and-families-with-more-children-15-16x12.jpg 16w\" sizes=\"auto, (max-width: 2560px) 100vw, 2560px\" \/><\/figure>\n\n\n\n<p class=\"has-small-font-size\">11\/01\/2025<\/p>\n\n\n\n<h3 class=\"wp-block-heading has-medium-font-size\"><strong>Eforturile Asocia\u021biei Ob\u0219te\u0219ti &#8222;SOARTA&#8221; \u00een timpul st\u0103rii de urgen\u021b\u0103 \u00een Republica Moldova<\/strong><\/h3>\n\n\n\n<p class=\"has-small-font-size\">Starea de urgen\u021b\u0103 \u00een Moldova este acum \u00een vigoare de trei luni. Aceasta \u00eenseamn\u0103 c\u0103 mul\u021bi moldoveni nu \u00ee\u0219i mai pot \u00eenc\u0103lzi locuin\u021bele \u0219i costul vie\u021bii a crescut \u00eentr-o asemenea m\u0103sur\u0103 \u00eenc\u00e2t nu se mai pot \u00eentre\u021bine singuri. A\u021bi dori s\u0103 \u0219ti\u021bi cum s-ar putea \u00eent\u00e2mpla acest lucru \u0219i cum pute\u021bi ajuta? <\/p>\n\n\n\n<p class=\"is-style-text-subtitle has-medium-font-size is-style-text-subtitle--21\"><strong>Apoi face\u021bi clic pe \u201ecite\u0219te mai mult\u201d.<\/strong><\/p>\n<\/div>\n<\/div>\n\n\n\n<div class=\"wp-block-columns is-layout-flex wp-container-core-columns-is-layout-28f84493 wp-block-columns-is-layout-flex\">\n<div class=\"wp-block-column is-layout-flow wp-block-column-is-layout-flow\">\n<figure class=\"wp-block-image size-full\" style=\"margin-bottom:24px\"><img loading=\"lazy\" decoding=\"async\" width=\"2048\" height=\"1536\" src=\"https:\/\/soarta.org\/wp-content\/uploads\/2025\/02\/foto_Festivalul-de-colinde-\u201eVin-Colindatorii-7.jpg\" alt=\"\" class=\"wp-image-529\" style=\"aspect-ratio:4\/3;object-fit:cover\" srcset=\"https:\/\/soarta.org\/wp-content\/uploads\/2025\/02\/foto_Festivalul-de-colinde-\u201eVin-Colindatorii-7.jpg 2048w, https:\/\/soarta.org\/wp-content\/uploads\/2025\/02\/foto_Festivalul-de-colinde-\u201eVin-Colindatorii-7-300x225.jpg 300w, https:\/\/soarta.org\/wp-content\/uploads\/2025\/02\/foto_Festivalul-de-colinde-\u201eVin-Colindatorii-7-1024x768.jpg 1024w, https:\/\/soarta.org\/wp-content\/uploads\/2025\/02\/foto_Festivalul-de-colinde-\u201eVin-Colindatorii-7-768x576.jpg 768w, https:\/\/soarta.org\/wp-content\/uploads\/2025\/02\/foto_Festivalul-de-colinde-\u201eVin-Colindatorii-7-1536x1152.jpg 1536w, https:\/\/soarta.org\/wp-content\/uploads\/2025\/02\/foto_Festivalul-de-colinde-\u201eVin-Colindatorii-7-16x12.jpg 16w\" sizes=\"auto, (max-width: 2048px) 100vw, 2048px\" \/><\/figure>\n\n\n\n<p class=\"has-small-font-size\">05\/12\/2023<\/p>\n\n\n\n<h3 class=\"wp-block-heading has-medium-font-size\"><strong>Asocia\u021bia Ob\u0219teasc\u0103 &#8222;SOARTA&#8221; a organizat Festivalul de colinde \u201eVin colind\u0103torii!&#8221; Edi\u021bia I<\/strong><\/h3>\n\n\n\n<p class=\"has-small-font-size\">\u00cen perioada 01.12.2023 \u2013 03.12.2023 la Soroca a fost organizat, Festivalul de Colinde \u201eVin colind\u0103torii!\u201d cu participan\u021bi din Republica Moldova \u0219i Rom\u00e2nia. Festivalul a f\u0103cut parte din proiectul 1HARD\/2.1\/88 \u201eConservare \u0219i promovarea patrimoniului cultural \u0219i istoric \u00een zona de frontier\u0103 a IASI \u0219i SOROCA\u201d. <\/p>\n\n\n\n<p class=\"is-style-text-subtitle has-medium-font-size is-style-text-subtitle--22\"><strong>Face\u021bi clic pe butonul de mai jos pentru a citi reportajul acestui eveniment<\/strong>.<\/p>\n<\/div>\n<\/div>\n\n\n\n<div class=\"wp-block-columns is-layout-flex wp-container-core-columns-is-layout-28f84493 wp-block-columns-is-layout-flex\">\n<div class=\"wp-block-column is-layout-flow wp-block-column-is-layout-flow\">\n<figure class=\"wp-block-image size-full\" style=\"margin-bottom:24px\"><img loading=\"lazy\" decoding=\"async\" width=\"1080\" height=\"720\" src=\"https:\/\/soarta.org\/wp-content\/uploads\/2025\/05\/Muzica-corala-religioasa-din-Moldova-de-pe-ambele-parti-ale-Prutului-3.jpg\" alt=\"\" class=\"wp-image-1115\" style=\"aspect-ratio:4\/3;object-fit:cover\" srcset=\"https:\/\/soarta.org\/wp-content\/uploads\/2025\/05\/Muzica-corala-religioasa-din-Moldova-de-pe-ambele-parti-ale-Prutului-3.jpg 1080w, https:\/\/soarta.org\/wp-content\/uploads\/2025\/05\/Muzica-corala-religioasa-din-Moldova-de-pe-ambele-parti-ale-Prutului-3-300x200.jpg 300w, https:\/\/soarta.org\/wp-content\/uploads\/2025\/05\/Muzica-corala-religioasa-din-Moldova-de-pe-ambele-parti-ale-Prutului-3-1024x683.jpg 1024w, https:\/\/soarta.org\/wp-content\/uploads\/2025\/05\/Muzica-corala-religioasa-din-Moldova-de-pe-ambele-parti-ale-Prutului-3-768x512.jpg 768w, https:\/\/soarta.org\/wp-content\/uploads\/2025\/05\/Muzica-corala-religioasa-din-Moldova-de-pe-ambele-parti-ale-Prutului-3-18x12.jpg 18w\" sizes=\"auto, (max-width: 1080px) 100vw, 1080px\" \/><\/figure>\n\n\n\n<p class=\"has-small-font-size\">20\/11\/2023<\/p>\n\n\n\n<h3 class=\"wp-block-heading has-medium-font-size\"><strong>Trening de \u201cMuzica corala religioas\u0103 din Moldova de pe ambele p\u0103r\u021bi ale Prutului\u201d <\/strong><\/h3>\n\n\n\n<p class=\"has-small-font-size\">Asocia\u021bia Ob\u0219teasc\u0103 SOARTA&nbsp;a organizat un training pentru corurile biserice\u0219ti de pe ambele<br>maluri ale r\u00e2ului Prutului<\/p>\n\n\n\n<p class=\"has-small-font-size\">In perioada 17.11.2023-19.11.2023 a avut loc evenimentul cu denumirea Trening de \u201cMuzica corala religioas\u0103 din Moldova de pe ambele p\u0103r\u021bi ale Prutului\u201d cu participarea a dou\u0103 coruri biserice\u0219ti din Romania si Republica Moldova.  Formarea a fost destinat\u0103 corurilor biserice\u0219ti ale celor dou\u0103 biserici implicate \u00een implementarea proiectului, respective corul Bisericii Sf\u00e2ntul Mare Mucenic Dimitrie din Soroca \u0219i corul Bisericii Sf\u00e2ntul Teodor din Ia\u0219i.<\/p>\n\n\n\n<p class=\"is-style-text-subtitle has-medium-font-size is-style-text-subtitle--23\"><strong>Face\u021bi clic pe butonul de mai jos pentru a citi reportajul acestui eveniment<\/strong>.<\/p>\n<\/div>\n<\/div>\n<\/div>\n\n\n\n<div class=\"wp-block-buttons is-content-justification-center is-layout-flex wp-container-core-buttons-is-layout-a89b3969 wp-block-buttons-is-layout-flex\">\n<div class=\"wp-block-button\"><a class=\"wp-block-button__link has-background has-text-align-center wp-element-button\" href=\"https:\/\/soarta.org\/news\/\" style=\"background-color:#7e3351\">Cite\u015fte mai mult<\/a><\/div>\n<\/div>\n<\/div>\n<\/div>\n\n\n\n<div class=\"wp-block-group is-layout-flow wp-block-group-is-layout-flow\">\n<div class=\"wp-block-group has-small-font-size is-layout-flow wp-container-core-group-is-layout-8d8b2ba5 wp-block-group-is-layout-flow\" style=\"min-height:500px;margin-top:var(--wp--preset--spacing--20);margin-bottom:var(--wp--preset--spacing--20)\"><div\n    class=\"align wp-block-bsb-slider\"    id='bsbCarousel-235a2506-7' \n    data-attributes='{&quot;cId&quot;:&quot;235a2506-7&quot;,&quot;sliders&quot;:[{&quot;img&quot;:{&quot;id&quot;:93,&quot;url&quot;:&quot;https:\\\/\\\/soarta.org\\\/wp-content\\\/uploads\\\/2025\\\/02\\\/Distribution-of-humanitarian-aid-1-1-scaled.jpg&quot;,&quot;alt&quot;:&quot;&quot;,&quot;title&quot;:&quot;Distribution of humanitarian aid (1)&quot;,&quot;caption&quot;:&quot;&quot;},&quot;title&quot;:&quot;&quot;,&quot;desc&quot;:&quot; &quot;,&quot;btnLabel&quot;:&quot;&quot;,&quot;btnUrl&quot;:&quot;https:\\\/\\\/wordpress.org\\\/plugins\\\/b-slider\\\/&quot;,&quot;target&quot;:false,&quot;altText&quot;:null},{&quot;img&quot;:{&quot;id&quot;:96,&quot;url&quot;:&quot;https:\\\/\\\/soarta.org\\\/wp-content\\\/uploads\\\/2025\\\/02\\\/Activities-from-Daily-center-for-elders-in-Soroca-9-scaled.jpg&quot;,&quot;alt&quot;:&quot;&quot;,&quot;title&quot;:&quot;Activities from Daily center for elders in Soroca (9)&quot;,&quot;caption&quot;:&quot;&quot;},&quot;title&quot;:&quot;&quot;,&quot;desc&quot;:&quot;&quot;,&quot;btnLabel&quot;:&quot;&quot;,&quot;btnUrl&quot;:&quot;https:\\\/\\\/wordpress.org\\\/plugins\\\/b-slider\\\/&quot;,&quot;target&quot;:false},{&quot;image&quot;:{&quot;id&quot;:null,&quot;url&quot;:&quot;&quot;,&quot;alt&quot;:&quot;&quot;,&quot;title&quot;:&quot;&quot;},&quot;action&quot;:&quot;none&quot;,&quot;link&quot;:&quot;&quot;,&quot;caption&quot;:&quot;&quot;,&quot;img&quot;:{&quot;id&quot;:95,&quot;url&quot;:&quot;https:\\\/\\\/soarta.org\\\/wp-content\\\/uploads\\\/2025\\\/02\\\/Activities-from-Daily-center-for-elders-in-Soroca-8-scaled.jpg&quot;,&quot;alt&quot;:&quot;&quot;,&quot;title&quot;:&quot;Activities from Daily center for elders in Soroca (8)&quot;,&quot;caption&quot;:&quot;&quot;},&quot;title&quot;:&quot;&quot;,&quot;desc&quot;:&quot;&quot;,&quot;btnLabel&quot;:&quot;&quot;},{&quot;image&quot;:{&quot;id&quot;:null,&quot;url&quot;:&quot;&quot;,&quot;alt&quot;:&quot;&quot;,&quot;title&quot;:&quot;&quot;},&quot;action&quot;:&quot;none&quot;,&quot;link&quot;:&quot;&quot;,&quot;caption&quot;:&quot;&quot;,&quot;img&quot;:{&quot;id&quot;:88,&quot;url&quot;:&quot;https:\\\/\\\/soarta.org\\\/wp-content\\\/uploads\\\/2025\\\/02\\\/409358830_1539478690136807_6131631137286879719_n.jpg&quot;,&quot;alt&quot;:&quot;&quot;,&quot;title&quot;:&quot;409358830_1539478690136807_6131631137286879719_n&quot;,&quot;caption&quot;:&quot;&quot;},&quot;title&quot;:&quot;&quot;,&quot;desc&quot;:&quot;&quot;,&quot;btnLabel&quot;:&quot;&quot;},{&quot;image&quot;:{&quot;id&quot;:null,&quot;url&quot;:&quot;&quot;,&quot;alt&quot;:&quot;&quot;,&quot;title&quot;:&quot;&quot;},&quot;action&quot;:&quot;none&quot;,&quot;link&quot;:&quot;&quot;,&quot;caption&quot;:&quot;&quot;,&quot;img&quot;:{&quot;id&quot;:94,&quot;url&quot;:&quot;https:\\\/\\\/soarta.org\\\/wp-content\\\/uploads\\\/2025\\\/02\\\/Activities-from-Daily-center-for-elders-in-Soroca-15-scaled.jpg&quot;,&quot;alt&quot;:&quot;&quot;,&quot;title&quot;:&quot;Activities from Daily center for elders in Soroca (15)&quot;,&quot;caption&quot;:&quot;&quot;},&quot;title&quot;:&quot;&quot;,&quot;desc&quot;:&quot;&quot;,&quot;btnLabel&quot;:&quot;&quot;}],&quot;SliderOverly&quot;:&quot;rgba(0, 0, 0, 0)&quot;,&quot;options&quot;:{&quot;interval&quot;:7000,&quot;ride&quot;:true,&quot;pause&quot;:false,&quot;height&quot;:400,&quot;shuffle&quot;:false},&quot;animation&quot;:&quot;carousel-fade&quot;,&quot;position&quot;:&quot;center center&quot;,&quot;sliderHeight&quot;:{&quot;desktop&quot;:&quot;650px&quot;},&quot;align&quot;:&quot;&quot;,&quot;sourceType&quot;:&quot;&quot;,&quot;postsQuery&quot;:{&quot;post_type&quot;:&quot;post&quot;,&quot;selectedCategories&quot;:[],&quot;selectedTags&quot;:[],&quot;per_page&quot;:12,&quot;orderby&quot;:&quot;date&quot;,&quot;order&quot;:&quot;desc&quot;,&quot;offset&quot;:0,&quot;include&quot;:[],&quot;exclude&quot;:[],&quot;selectedTaxonomies&quot;:[],&quot;isExcludeCurrent&quot;:false,&quot;isExcerptFromContent&quot;:true,&quot;excerptLength&quot;:25,&quot;paginationCurrentPage&quot;:1,&quot;fImgSize&quot;:&quot;full&quot;,&quot;metaDateFormat&quot;:&quot;M j, Y&quot;},&quot;woocommerceQuery&quot;:{&quot;categories&quot;:[],&quot;limit&quot;:-1,&quot;order_by&quot;:&quot;menu_order&quot;,&quot;order&quot;:&quot;&quot;},&quot;button&quot;:{&quot;text&quot;:&quot;Learn More&quot;},&quot;columns&quot;:{&quot;desktop&quot;:3,&quot;tablet&quot;:2,&quot;mobile&quot;:1},&quot;columnGap&quot;:&quot;30px&quot;,&quot;rowGap&quot;:&quot;30px&quot;,&quot;carousel&quot;:{&quot;carouselStyle&quot;:&quot;standard&quot;,&quot;isAutoPlay&quot;:true,&quot;autoPlayDelay&quot;:2000,&quot;mousewheel&quot;:false,&quot;effect&quot;:&quot;none&quot;,&quot;grabCursor&quot;:false,&quot;loop&quot;:true,&quot;reverseDirection&quot;:false,&quot;caroDirection&quot;:&quot;horizontal&quot;,&quot;navigation&quot;:true,&quot;pagination&quot;:true},&quot;grid&quot;:{&quot;paginationType&quot;:&quot;pagination&quot;,&quot;loadMoreBtn&quot;:{&quot;typo&quot;:{&quot;fontSize&quot;:{&quot;desktop&quot;:25,&quot;tablet&quot;:20,&quot;mobile&quot;:15},&quot;fontWeight&quot;:700,&quot;lineHeight&quot;:&quot;135%&quot;},&quot;colors&quot;:{&quot;color&quot;:&quot;#000&quot;,&quot;bg&quot;:&quot;#f0f0f1&quot;},&quot;hovColors&quot;:{&quot;color&quot;:&quot;#fff&quot;,&quot;bg&quot;:&quot;#000&quot;},&quot;padding&quot;:{&quot;top&quot;:&quot;10px&quot;,&quot;right&quot;:&quot;20px&quot;,&quot;bottom&quot;:&quot;10px&quot;,&quot;left&quot;:&quot;20px&quot;},&quot;border&quot;:{&quot;color&quot;:&quot;#e1e1e1&quot;,&quot;style&quot;:&quot;solid&quot;,&quot;width&quot;:&quot;0px&quot;},&quot;radius&quot;:{&quot;top&quot;:&quot;3px&quot;,&quot;right&quot;:&quot;3px&quot;,&quot;bottom&quot;:&quot;3px&quot;,&quot;left&quot;:&quot;3px&quot;}}},&quot;thumbnails&quot;:{&quot;overly&quot;:{&quot;color&quot;:&quot;&quot;},&quot;height&quot;:{&quot;desktop&quot;:&quot;120px&quot;,&quot;tablet&quot;:&quot;&quot;,&quot;mobile&quot;:&quot;&quot;},&quot;position&quot;:{&quot;desktop&quot;:&quot;bottom&quot;},&quot;width&quot;:{&quot;desktop&quot;:&quot;30%&quot;,&quot;tablet&quot;:&quot;20%&quot;,&quot;mobile&quot;:&quot;15%&quot;},&quot;active&quot;:{&quot;color&quot;:&quot;#00000000&quot;,&quot;border&quot;:{&quot;color&quot;:&quot;#000&quot;,&quot;style&quot;:&quot;solid&quot;,&quot;width&quot;:&quot;0px&quot;}}},&quot;videoConf&quot;:{&quot;controls&quot;:{&quot;play-large&quot;:true,&quot;restart&quot;:false,&quot;rewind&quot;:true,&quot;play&quot;:true,&quot;fast-forward&quot;:true,&quot;progress&quot;:true,&quot;current-time&quot;:true,&quot;duration&quot;:false,&quot;mute&quot;:true,&quot;volume&quot;:true,&quot;pip&quot;:false,&quot;airplay&quot;:false,&quot;settings&quot;:true,&quot;download&quot;:false,&quot;fullscreen&quot;:true},&quot;isPopup&quot;:true,&quot;icon&quot;:true,&quot;repeat&quot;:false,&quot;isAutoPlay&quot;:false,&quot;muted&quot;:false,&quot;resetOnEnd&quot;:false,&quot;autoHideControl&quot;:true},&quot;title&quot;:{&quot;tag&quot;:&quot;h5&quot;},&quot;titleFCaption&quot;:false,&quot;titleAnimation&quot;:{&quot;effect&quot;:&quot;fadeInLeft&quot;,&quot;delay&quot;:0,&quot;duration&quot;:0.7},&quot;descAnimation&quot;:{&quot;effect&quot;:&quot;fadeInRight&quot;,&quot;delay&quot;:0.7,&quot;duration&quot;:0.7},&quot;btnAnimation&quot;:{&quot;effect&quot;:&quot;zoomIn&quot;,&quot;delay&quot;:1.4,&quot;duration&quot;:0.7},&quot;isMouseWheel&quot;:false,&quot;isArrowFollowSlide&quot;:false,&quot;isMouseDrag&quot;:false,&quot;slideInnerGap&quot;:&quot;180px&quot;,&quot;slideInnerGapDevice&quot;:{&quot;desktop&quot;:&quot;180px&quot;,&quot;tablet&quot;:&quot;140px&quot;,&quot;mobile&quot;:&quot;100px&quot;},&quot;titleTypo&quot;:{&quot;fontSize&quot;:{&quot;desktop&quot;:20,&quot;tablet&quot;:20,&quot;mobile&quot;:15},&quot;fontWeight&quot;:700,&quot;lineHeight&quot;:&quot;135%&quot;},&quot;titleColor&quot;:&quot;#fff&quot;,&quot;titleMargin&quot;:{&quot;top&quot;:&quot;5px&quot;,&quot;right&quot;:&quot;0px&quot;,&quot;bottom&quot;:&quot;5px&quot;,&quot;left&quot;:&quot;0px&quot;},&quot;descTypo&quot;:{&quot;fontSize&quot;:{&quot;desktop&quot;:18,&quot;tablet&quot;:20,&quot;mobile&quot;:15},&quot;fontWeight&quot;:400,&quot;lineHeight&quot;:&quot;135%&quot;},&quot;descColor&quot;:&quot;#fff&quot;,&quot;descMargin&quot;:{&quot;top&quot;:&quot;5px&quot;,&quot;right&quot;:&quot;0px&quot;,&quot;bottom&quot;:&quot;5px&quot;,&quot;left&quot;:&quot;0px&quot;},&quot;btnTypo&quot;:{&quot;fontSize&quot;:{&quot;desktop&quot;:20,&quot;tablet&quot;:20,&quot;mobile&quot;:15},&quot;fontWeight&quot;:500,&quot;lineHeight&quot;:&quot;135%&quot;},&quot;btnColors&quot;:{&quot;color&quot;:&quot;#fff&quot;,&quot;bg&quot;:&quot;&quot;},&quot;btnHovColors&quot;:{&quot;color&quot;:&quot;#000&quot;,&quot;bg&quot;:&quot;#fff&quot;},&quot;btnPadding&quot;:{&quot;top&quot;:&quot;5px&quot;,&quot;right&quot;:&quot;8px&quot;,&quot;bottom&quot;:&quot;5px&quot;,&quot;left&quot;:&quot;8px&quot;},&quot;btnBorder&quot;:{&quot;color&quot;:&quot;#e1e1e1&quot;,&quot;style&quot;:&quot;solid&quot;,&quot;width&quot;:&quot;3px&quot;},&quot;btnRadius&quot;:&quot;0px&quot;,&quot;arrow&quot;:{&quot;visibility&quot;:true,&quot;size&quot;:48,&quot;color&quot;:&quot;#fff&quot;,&quot;bg&quot;:&quot;transparent&quot;},&quot;arrowWidth&quot;:&quot;50px&quot;,&quot;deviceArrowWidth&quot;:{&quot;desktop&quot;:&quot;50px&quot;,&quot;tablet&quot;:&quot;40px&quot;,&quot;mobile&quot;:&quot;30px&quot;},&quot;deviceArrowHeight&quot;:{&quot;desktop&quot;:&quot;50px&quot;,&quot;tablet&quot;:&quot;40px&quot;,&quot;mobile&quot;:&quot;30px&quot;},&quot;arrowHeight&quot;:&quot;50px&quot;,&quot;arrowRadius&quot;:{&quot;top&quot;:&quot;3px&quot;,&quot;bottom&quot;:&quot;3px&quot;,&quot;left&quot;:&quot;3px&quot;,&quot;right&quot;:&quot;3px&quot;},&quot;arrowBorder&quot;:{&quot;color&quot;:&quot;#000&quot;,&quot;style&quot;:&quot;solid&quot;,&quot;width&quot;:&quot;0px&quot;},&quot;arrowStyle&quot;:&quot;style1&quot;,&quot;indicator&quot;:{&quot;visibility&quot;:true,&quot;type&quot;:&quot;default&quot;,&quot;style&quot;:&quot;&quot;,&quot;color&quot;:&quot;#000&quot;,&quot;activeColor&quot;:&quot;#fff&quot;,&quot;width&quot;:&quot;30px&quot;,&quot;height&quot;:&quot;3px&quot;,&quot;radius&quot;:&quot;0px&quot;,&quot;activeBorder&quot;:{&quot;color&quot;:&quot;#e1e1e1&quot;,&quot;style&quot;:&quot;solid&quot;,&quot;width&quot;:&quot;4px&quot;},&quot;moveFromEdge&quot;:&quot;-15px&quot;,&quot;position&quot;:&quot;bottom-center&quot;,&quot;direction&quot;:&quot;horizontal&quot;},&quot;direction&quot;:&quot;default&quot;,&quot;height&quot;:&quot;450px&quot;,&quot;borderRadius&quot;:{&quot;top&quot;:&quot;3px&quot;,&quot;right&quot;:&quot;3px&quot;,&quot;bottom&quot;:&quot;3px&quot;,&quot;left&quot;:&quot;3px&quot;},&quot;margin&quot;:{&quot;top&quot;:&quot;0px&quot;,&quot;right&quot;:&quot;0px&quot;,&quot;bottom&quot;:&quot;0px&quot;,&quot;left&quot;:&quot;0px&quot;},&quot;isLazyLoad&quot;:false,&quot;TrpContentRestriction&quot;:{&quot;restriction_type&quot;:&quot;exclude&quot;,&quot;selected_languages&quot;:[],&quot;panel_open&quot;:true}}'\n    data-nonce='&quot;aa379342af&quot;'\n    data-totalposts=1>\n    <pre id='posts' style='display: none;'>\n        [{&quot;id&quot;:&quot;1&quot;,&quot;link&quot;:&quot;https:\\\/\\\/soarta.org\\\/en\\\/2025\\\/01\\\/23\\\/hello-world\\\/&quot;,&quot;name&quot;:&quot;hello-world&quot;,&quot;thumbnail&quot;:{&quot;url&quot;:false,&quot;alt&quot;:false},&quot;title&quot;:&quot;Hello world!&quot;,&quot;author&quot;:{&quot;name&quot;:&quot;admin&quot;,&quot;link&quot;:&quot;https:\\\/\\\/soarta.org\\\/en\\\/author\\\/admin\\\/&quot;},&quot;date&quot;:&quot;Jan 23, 2025&quot;,&quot;dateGMT&quot;:&quot;2025-01-23 08:19:35&quot;,&quot;modifiedDate&quot;:&quot;2025-01-23 08:19:35&quot;,&quot;modifiedDateGMT&quot;:&quot;2025-01-23 08:19:35&quot;,&quot;commentCount&quot;:&quot;1&quot;,&quot;commentStatus&quot;:&quot;open&quot;,&quot;categories&quot;:{&quot;coma&quot;:&quot;&lt;a href=\\&quot;https:\\\/\\\/soarta.org\\\/en\\\/category\\\/uncategorized\\\/\\&quot; rel=\\&quot;category tag\\&quot;&gt;Uncategorized&lt;\\\/a&gt;&quot;,&quot;space&quot;:&quot;&lt;a href=\\&quot;https:\\\/\\\/soarta.org\\\/en\\\/category\\\/uncategorized\\\/\\&quot; rel=\\&quot;category tag\\&quot;&gt;Uncategorized&lt;\\\/a&gt;&quot;},&quot;taxonomies&quot;:{&quot;post_tag&quot;:&quot;&quot;},&quot;readTime&quot;:{&quot;min&quot;:0,&quot;sec&quot;:5},&quot;status&quot;:&quot;publish&quot;,&quot;content&quot;:&quot;Welcome to WordPress. This is your first post. Edit or delete it, then start writing!&quot;}]    <\/pre>\n<\/div>\n\n <\/div>\n<\/div>\n\n\n\n<aside class=\"wp-block-group alignfull is-style-section-3 has-background has-global-padding is-layout-constrained wp-container-core-group-is-layout-16418e19 wp-block-group-is-layout-constrained is-style-section-3--24\" style=\"background-color:#ffbc3f;margin-top:0;margin-bottom:0;padding-top:var(--wp--preset--spacing--50);padding-right:var(--wp--preset--spacing--50);padding-bottom:var(--wp--preset--spacing--50);padding-left:var(--wp--preset--spacing--50)\">\n<div class=\"wp-block-group is-vertical is-content-justification-center is-layout-flex wp-container-core-group-is-layout-8778ca4a wp-block-group-is-layout-flex\" style=\"min-height:360px;margin-top:0;margin-bottom:0\">\n<h2 class=\"wp-block-heading has-text-align-center has-x-large-font-size\">Abona\u021bi-v\u0103 la buletinul nostru informativ!<\/h2>\n\n\n\n<p class=\"has-text-align-center is-style-text-subtitle is-style-text-subtitle--25\">Primi\u021bi actualiz\u0103ri despre progresul proiectelor noastre, anun\u021buri de evenimente, oportunit\u0103\u021bi de voluntariat \u0219i mai multe informa\u021bii despre cum ne pute\u021bi ajuta.<\/p>\n\n\n\n<div style=\"height:0px\" aria-hidden=\"true\" class=\"wp-block-spacer wp-container-content-62aae154\"><\/div>\n\n\n\n<div class=\"wp-block-buttons is-content-justification-center is-layout-flex wp-container-core-buttons-is-layout-a89b3969 wp-block-buttons-is-layout-flex\">\n<div class=\"wp-block-button\"><a class=\"wp-block-button__link has-background has-text-align-center wp-element-button\" href=\"https:\/\/soarta.org\/news-letter-subscription\/\" style=\"background-color:#7e3351\">Abona\u021bi-v\u0103<\/a><\/div>\n<\/div>\n<\/div>\n<\/aside>\n\n\n\n<p><\/p>\n","protected":false},"excerpt":{"rendered":"<p>\u015etiri 25\/04\/2025 Cunoa\u0219tere F\u0103r\u0103 Frontiere: Acces Universal la Educa\u021bie \u0219i Formare \u00een Rom\u00e2nia-Moldova Din data de 25 aprilie 2025 Asocia\u021bia Ob\u0219teasc\u0103 SOARTA a dat start implement\u0103rii acestui proiect \u00een cadrul Programului Interreg VI-A NEXT Rom\u00e2nia-Republica Moldova 2021-2027 \u0219i sus\u021binut financiar de Uniunea European\u0103. Proiectul prezint\u0103 un plan cuprinz\u0103tor pentru dezvoltarea profesional\u0103 \u0219i schimbul de cuno\u0219tin\u021be [&hellip;]<\/p>\n","protected":false},"author":1,"featured_media":92,"parent":0,"menu_order":0,"comment_status":"closed","ping_status":"open","template":"","meta":{"footnotes":""},"class_list":["post-2","page","type-page","status-publish","has-post-thumbnail","hentry"],"jetpack_sharing_enabled":true,"_links":{"self":[{"href":"https:\/\/soarta.org\/en\/wp-json\/wp\/v2\/pages\/2","targetHints":{"allow":["GET"]}}],"collection":[{"href":"https:\/\/soarta.org\/en\/wp-json\/wp\/v2\/pages"}],"about":[{"href":"https:\/\/soarta.org\/en\/wp-json\/wp\/v2\/types\/page"}],"author":[{"embeddable":true,"href":"https:\/\/soarta.org\/en\/wp-json\/wp\/v2\/users\/1"}],"replies":[{"embeddable":true,"href":"https:\/\/soarta.org\/en\/wp-json\/wp\/v2\/comments?post=2"}],"version-history":[{"count":178,"href":"https:\/\/soarta.org\/en\/wp-json\/wp\/v2\/pages\/2\/revisions"}],"predecessor-version":[{"id":2377,"href":"https:\/\/soarta.org\/en\/wp-json\/wp\/v2\/pages\/2\/revisions\/2377"}],"wp:featuredmedia":[{"embeddable":true,"href":"https:\/\/soarta.org\/en\/wp-json\/wp\/v2\/media\/92"}],"wp:attachment":[{"href":"https:\/\/soarta.org\/en\/wp-json\/wp\/v2\/media?parent=2"}],"curies":[{"name":"wp","href":"https:\/\/api.w.org\/{rel}","templated":true}]}}