{"id":29,"date":"2025-01-28T23:46:20","date_gmt":"2025-01-28T21:46:20","guid":{"rendered":"https:\/\/soarta.org\/?page_id=29"},"modified":"2025-06-24T22:02:26","modified_gmt":"2025-06-24T19:02:26","slug":"projects","status":"publish","type":"page","link":"https:\/\/soarta.org\/en\/projects\/","title":{"rendered":"Projects"},"content":{"rendered":"<div class=\"wp-block-group alignfull hide-element has-global-padding is-layout-constrained wp-container-core-group-is-layout-ebee8dc1 wp-block-group-is-layout-constrained\" style=\"margin-top:0;margin-bottom:0;padding-top:var(--wp--preset--spacing--50);padding-bottom:var(--wp--preset--spacing--50)\">\n<h2 class=\"wp-block-heading alignwide has-text-align-center\">Our projects<\/h2>\n\n\n\n<div class=\"wp-block-columns alignwide is-layout-flex wp-container-core-columns-is-layout-28f84493 wp-block-columns-is-layout-flex\">\n<div class=\"wp-block-column is-layout-flow wp-block-column-is-layout-flow\">\n<figure class=\"wp-block-image size-full\" style=\"margin-bottom:24px\"><img decoding=\"async\" src=\"https:\/\/soarta.org\/wp-content\/uploads\/2025\/04\/2-small-Interreg-NEXT-logo-2021-PANTONE-colour_compressed_page-0001.jpg\" alt=\"\" class=\"wp-image-829\" style=\"aspect-ratio:4\/3;object-fit:cover\"\/><\/figure>\n\n\n\n<h3 class=\"wp-block-heading\">CULTURISE: Culture and Sustainable Tourism for Social Inclusion and Innovation in RMD and RO<\/h3>\n\n\n\n<p class=\"has-small-font-size\">Starting data: 13.03.2025<\/p>\n\n\n\n<p class=\"has-small-font-size\">Status: ongoing (expected completion 12.05.2026)<\/p>\n\n\n\n<p class=\"has-small-font-size\">Project description:<\/p>\n\n\n\n<div class=\"wp-block-file\"><a id=\"wp-block-file--media-e3762652-e01e-43a8-9980-ee0d5f53795a\" href=\"https:\/\/soarta.org\/wp-content\/uploads\/2025\/04\/Culture-and-Sustainable-Tourism-for-Social-Inclusion-and-Innovation-in-the-Republic-of-Moldova-and-Romania-2.docx\">CULTURISE: Culture and Sustainable Tourism for Social Inclusion and Innovation in RMD and RO<\/a><\/div>\n<\/div>\n\n\n\n<div class=\"wp-block-column is-layout-flow wp-block-column-is-layout-flow\">\n<figure class=\"wp-block-image size-full\" style=\"margin-bottom:24px\"><img loading=\"lazy\" decoding=\"async\" width=\"2048\" height=\"1365\" src=\"https:\/\/soarta.org\/wp-content\/uploads\/2025\/02\/foto_Conservarea-si-Promovarea-Patrimoniului-Cultural-si-Istoric-In-Zona-Transfrontaliera-Iasi-Si-Soroca-27.jpg\" alt=\"\" class=\"wp-image-541\" style=\"aspect-ratio:4\/3;object-fit:cover\" srcset=\"https:\/\/soarta.org\/wp-content\/uploads\/2025\/02\/foto_Conservarea-si-Promovarea-Patrimoniului-Cultural-si-Istoric-In-Zona-Transfrontaliera-Iasi-Si-Soroca-27.jpg 2048w, https:\/\/soarta.org\/wp-content\/uploads\/2025\/02\/foto_Conservarea-si-Promovarea-Patrimoniului-Cultural-si-Istoric-In-Zona-Transfrontaliera-Iasi-Si-Soroca-27-300x200.jpg 300w, https:\/\/soarta.org\/wp-content\/uploads\/2025\/02\/foto_Conservarea-si-Promovarea-Patrimoniului-Cultural-si-Istoric-In-Zona-Transfrontaliera-Iasi-Si-Soroca-27-1024x683.jpg 1024w, https:\/\/soarta.org\/wp-content\/uploads\/2025\/02\/foto_Conservarea-si-Promovarea-Patrimoniului-Cultural-si-Istoric-In-Zona-Transfrontaliera-Iasi-Si-Soroca-27-768x512.jpg 768w, https:\/\/soarta.org\/wp-content\/uploads\/2025\/02\/foto_Conservarea-si-Promovarea-Patrimoniului-Cultural-si-Istoric-In-Zona-Transfrontaliera-Iasi-Si-Soroca-27-1536x1024.jpg 1536w, https:\/\/soarta.org\/wp-content\/uploads\/2025\/02\/foto_Conservarea-si-Promovarea-Patrimoniului-Cultural-si-Istoric-In-Zona-Transfrontaliera-Iasi-Si-Soroca-27-18x12.jpg 18w\" sizes=\"auto, (max-width: 2048px) 100vw, 2048px\" \/><\/figure>\n\n\n\n<h3 class=\"wp-block-heading\">Conservarea \u0219i Promovarea Patrimoniului Cultural \u0219i Istoric \u00cen zona<br>Transfrontalier\u0103 Ia\u0219i \u0219i Soroca<\/h3>\n\n\n\n<p class=\"has-small-font-size\">Starting year: 2021<\/p>\n\n\n\n<p class=\"has-small-font-size\">Status: completed (2023)<\/p>\n\n\n\n<p class=\"has-small-font-size\">Project description:<\/p>\n\n\n\n<div class=\"wp-block-file\"><a id=\"wp-block-file--media-64f71b0f-26af-4b98-8183-474e54525734\" href=\"https:\/\/soarta.org\/wp-content\/uploads\/2025\/03\/The-Conservation-and-Promotion-of-Cultural-and-Historical-Heritage-in-the-Cross-Border-Area-of-Iasi-and-Soroca.pdf\">The Conservation and Promotion of Cultural and Historical Heritage in the Cross\nBorder Area of Iasi and Soroca<\/a><\/div>\n<\/div>\n\n\n\n<div class=\"wp-block-column is-layout-flow wp-block-column-is-layout-flow\">\n<figure class=\"wp-block-image size-full\" style=\"margin-bottom:24px\"><img loading=\"lazy\" decoding=\"async\" width=\"1600\" height=\"1200\" src=\"https:\/\/soarta.org\/wp-content\/uploads\/2025\/02\/foto_Educatie-pentru-dezvoltarea-abilitatilor-in-domeniile-creativitate-si-productie-pe-ambele-parti-ale-Prutului-18.jpg\" alt=\"\" class=\"wp-image-543\" style=\"aspect-ratio:4\/3;object-fit:cover\" srcset=\"https:\/\/soarta.org\/wp-content\/uploads\/2025\/02\/foto_Educatie-pentru-dezvoltarea-abilitatilor-in-domeniile-creativitate-si-productie-pe-ambele-parti-ale-Prutului-18.jpg 1600w, https:\/\/soarta.org\/wp-content\/uploads\/2025\/02\/foto_Educatie-pentru-dezvoltarea-abilitatilor-in-domeniile-creativitate-si-productie-pe-ambele-parti-ale-Prutului-18-300x225.jpg 300w, https:\/\/soarta.org\/wp-content\/uploads\/2025\/02\/foto_Educatie-pentru-dezvoltarea-abilitatilor-in-domeniile-creativitate-si-productie-pe-ambele-parti-ale-Prutului-18-1024x768.jpg 1024w, https:\/\/soarta.org\/wp-content\/uploads\/2025\/02\/foto_Educatie-pentru-dezvoltarea-abilitatilor-in-domeniile-creativitate-si-productie-pe-ambele-parti-ale-Prutului-18-768x576.jpg 768w, https:\/\/soarta.org\/wp-content\/uploads\/2025\/02\/foto_Educatie-pentru-dezvoltarea-abilitatilor-in-domeniile-creativitate-si-productie-pe-ambele-parti-ale-Prutului-18-1536x1152.jpg 1536w, https:\/\/soarta.org\/wp-content\/uploads\/2025\/02\/foto_Educatie-pentru-dezvoltarea-abilitatilor-in-domeniile-creativitate-si-productie-pe-ambele-parti-ale-Prutului-18-16x12.jpg 16w\" sizes=\"auto, (max-width: 1600px) 100vw, 1600px\" \/><\/figure>\n\n\n\n<h3 class=\"wp-block-heading\">Education for the Development of Refining in Creative and Productive Areas on \nboth sides<br>of the Prut<\/h3>\n\n\n\n<p class=\"has-small-font-size\">Starting year: 2020<\/p>\n\n\n\n<p class=\"has-small-font-size\">Status: completed (2022)<\/p>\n\n\n\n<p class=\"has-small-font-size\">Project description:<\/p>\n\n\n\n<div class=\"wp-block-file\"><a id=\"wp-block-file--media-38635ccf-7399-4b17-a636-3ea4783ba34d\" href=\"https:\/\/soarta.org\/wp-content\/uploads\/2025\/03\/Education-for-the-Development-of-Refining-in-Creative-and-Productive-Areas-on-both-sides-of-the-Prut.pdf\">Education for the Development of Refining in Creative and Productive Areas on \nboth sides of the Prut<\/a><\/div>\n<\/div>\n<\/div>\n\n\n\n<div class=\"wp-block-columns alignwide is-layout-flex wp-container-core-columns-is-layout-28f84493 wp-block-columns-is-layout-flex\">\n<div class=\"wp-block-column is-layout-flow wp-block-column-is-layout-flow\">\n<figure class=\"wp-block-image size-full\" style=\"margin-bottom:24px\"><img loading=\"lazy\" decoding=\"async\" width=\"1200\" height=\"1600\" src=\"https:\/\/soarta.org\/wp-content\/uploads\/2025\/04\/foto_Ajutor-pentru-refugiatii-ucraineni-si-familii-gazda-5-2.jpg\" alt=\"\" class=\"wp-image-849\" style=\"aspect-ratio:4\/3;object-fit:cover\" srcset=\"https:\/\/soarta.org\/wp-content\/uploads\/2025\/04\/foto_Ajutor-pentru-refugiatii-ucraineni-si-familii-gazda-5-2.jpg 1200w, https:\/\/soarta.org\/wp-content\/uploads\/2025\/04\/foto_Ajutor-pentru-refugiatii-ucraineni-si-familii-gazda-5-2-225x300.jpg 225w, https:\/\/soarta.org\/wp-content\/uploads\/2025\/04\/foto_Ajutor-pentru-refugiatii-ucraineni-si-familii-gazda-5-2-768x1024.jpg 768w, https:\/\/soarta.org\/wp-content\/uploads\/2025\/04\/foto_Ajutor-pentru-refugiatii-ucraineni-si-familii-gazda-5-2-1152x1536.jpg 1152w, https:\/\/soarta.org\/wp-content\/uploads\/2025\/04\/foto_Ajutor-pentru-refugiatii-ucraineni-si-familii-gazda-5-2-9x12.jpg 9w\" sizes=\"auto, (max-width: 1200px) 100vw, 1200px\" \/><\/figure>\n\n\n\n<h3 class=\"wp-block-heading\">Help for Ukrainian refugees and host families<\/h3>\n\n\n\n<p class=\"has-small-font-size\">Starting year: 2022<\/p>\n\n\n\n<p class=\"has-small-font-size\">Status: ongoing<\/p>\n\n\n\n<p class=\"has-small-font-size\">Project description:<\/p>\n\n\n\n<div class=\"wp-block-file\"><a id=\"wp-block-file--media-3dbf8cda-b39c-4523-9e5f-2d78f6b4cad2\" href=\"https:\/\/soarta.org\/wp-content\/uploads\/2025\/04\/Ajutor-pentru-refugiatii-ucraineni-si-familii-gazda-.docx\">Help for Ukrainian refugees and host families<\/a><\/div>\n<\/div>\n\n\n\n<div class=\"wp-block-column is-layout-flow wp-block-column-is-layout-flow\">\n<figure class=\"wp-block-image size-full\" style=\"margin-bottom:24px\"><img loading=\"lazy\" decoding=\"async\" width=\"2560\" height=\"1920\" src=\"https:\/\/soarta.org\/wp-content\/uploads\/2025\/02\/foto_Ajutor-de-iarna-pentru-varstnici-si-invalizi-7-scaled.jpg\" alt=\"\" class=\"wp-image-550\" style=\"aspect-ratio:4\/3;object-fit:cover\" srcset=\"https:\/\/soarta.org\/wp-content\/uploads\/2025\/02\/foto_Ajutor-de-iarna-pentru-varstnici-si-invalizi-7-scaled.jpg 2560w, https:\/\/soarta.org\/wp-content\/uploads\/2025\/02\/foto_Ajutor-de-iarna-pentru-varstnici-si-invalizi-7-300x225.jpg 300w, https:\/\/soarta.org\/wp-content\/uploads\/2025\/02\/foto_Ajutor-de-iarna-pentru-varstnici-si-invalizi-7-1024x768.jpg 1024w, https:\/\/soarta.org\/wp-content\/uploads\/2025\/02\/foto_Ajutor-de-iarna-pentru-varstnici-si-invalizi-7-768x576.jpg 768w, https:\/\/soarta.org\/wp-content\/uploads\/2025\/02\/foto_Ajutor-de-iarna-pentru-varstnici-si-invalizi-7-1536x1152.jpg 1536w, https:\/\/soarta.org\/wp-content\/uploads\/2025\/02\/foto_Ajutor-de-iarna-pentru-varstnici-si-invalizi-7-2048x1536.jpg 2048w, https:\/\/soarta.org\/wp-content\/uploads\/2025\/02\/foto_Ajutor-de-iarna-pentru-varstnici-si-invalizi-7-16x12.jpg 16w\" sizes=\"auto, (max-width: 2560px) 100vw, 2560px\" \/><\/figure>\n\n\n\n<h3 class=\"wp-block-heading\">Winter help for the elderly and disabled people<\/h3>\n\n\n\n<p class=\"has-small-font-size\">Starting date: 2002<\/p>\n\n\n\n<p class=\"has-small-font-size\">Status: ongoing<\/p>\n\n\n\n<p class=\"has-small-font-size\">Project description:<\/p>\n\n\n\n<div class=\"wp-block-file\"><a id=\"wp-block-file--media-f4ddb4db-84ad-4712-8ee8-5b0f9d428b46\" href=\"https:\/\/soarta.org\/wp-content\/uploads\/2025\/03\/project-Winter-help-for-the-elderly-and-disabled-people.pdf\">Winter help for the elderly and disabled people<\/a><\/div>\n<\/div>\n\n\n\n<div class=\"wp-block-column is-layout-flow wp-block-column-is-layout-flow\">\n<figure class=\"wp-block-image size-full\" style=\"margin-bottom:24px\"><img loading=\"lazy\" decoding=\"async\" width=\"2560\" height=\"1920\" src=\"https:\/\/soarta.org\/wp-content\/uploads\/2025\/02\/foto-4_Proiectul-\u201eCompetitivitatea-ca-alternativa-pentru-supravietuire-CAS-10-scaled.jpg\" alt=\"\" class=\"wp-image-552\" style=\"aspect-ratio:4\/3;object-fit:cover\" srcset=\"https:\/\/soarta.org\/wp-content\/uploads\/2025\/02\/foto-4_Proiectul-\u201eCompetitivitatea-ca-alternativa-pentru-supravietuire-CAS-10-scaled.jpg 2560w, https:\/\/soarta.org\/wp-content\/uploads\/2025\/02\/foto-4_Proiectul-\u201eCompetitivitatea-ca-alternativa-pentru-supravietuire-CAS-10-300x225.jpg 300w, https:\/\/soarta.org\/wp-content\/uploads\/2025\/02\/foto-4_Proiectul-\u201eCompetitivitatea-ca-alternativa-pentru-supravietuire-CAS-10-1024x768.jpg 1024w, https:\/\/soarta.org\/wp-content\/uploads\/2025\/02\/foto-4_Proiectul-\u201eCompetitivitatea-ca-alternativa-pentru-supravietuire-CAS-10-768x576.jpg 768w, https:\/\/soarta.org\/wp-content\/uploads\/2025\/02\/foto-4_Proiectul-\u201eCompetitivitatea-ca-alternativa-pentru-supravietuire-CAS-10-1536x1152.jpg 1536w, https:\/\/soarta.org\/wp-content\/uploads\/2025\/02\/foto-4_Proiectul-\u201eCompetitivitatea-ca-alternativa-pentru-supravietuire-CAS-10-2048x1536.jpg 2048w, https:\/\/soarta.org\/wp-content\/uploads\/2025\/02\/foto-4_Proiectul-\u201eCompetitivitatea-ca-alternativa-pentru-supravietuire-CAS-10-16x12.jpg 16w\" sizes=\"auto, (max-width: 2560px) 100vw, 2560px\" \/><\/figure>\n\n\n\n<h3 class=\"wp-block-heading\">\"Competitiveness as an Alternative for Survival\" Project (CAS)<\/h3>\n\n\n\n<p class=\"has-small-font-size\">Starting date: 2009<\/p>\n\n\n\n<p class=\"has-small-font-size\">Status: completed (2018)<\/p>\n\n\n\n<p class=\"has-small-font-size\">Project description:<\/p>\n\n\n\n<div class=\"wp-block-file\"><a id=\"wp-block-file--media-b50704da-9543-42c5-bc16-263a71699678\" href=\"https:\/\/soarta.org\/wp-content\/uploads\/2025\/03\/Project-Competitiveness-as-an-Alternative-for-Survival-CAS.pdf\">\"Competitiveness as an Alternative for Survival\" Project (CAS)<\/a><\/div>\n<\/div>\n<\/div>\n\n\n\n<div class=\"wp-block-columns alignwide is-layout-flex wp-container-core-columns-is-layout-28f84493 wp-block-columns-is-layout-flex\">\n<div class=\"wp-block-column is-layout-flow wp-block-column-is-layout-flow\">\n<figure class=\"wp-block-image size-full\" style=\"margin-bottom:24px\"><img loading=\"lazy\" decoding=\"async\" width=\"2560\" height=\"1920\" src=\"https:\/\/soarta.org\/wp-content\/uploads\/2025\/02\/foto_Clinica-Oftalmologica-pentru-varstnici-la-Soroca-10-scaled.jpg\" alt=\"\" class=\"wp-image-554\" style=\"aspect-ratio:4\/3;object-fit:cover\" srcset=\"https:\/\/soarta.org\/wp-content\/uploads\/2025\/02\/foto_Clinica-Oftalmologica-pentru-varstnici-la-Soroca-10-scaled.jpg 2560w, https:\/\/soarta.org\/wp-content\/uploads\/2025\/02\/foto_Clinica-Oftalmologica-pentru-varstnici-la-Soroca-10-300x225.jpg 300w, https:\/\/soarta.org\/wp-content\/uploads\/2025\/02\/foto_Clinica-Oftalmologica-pentru-varstnici-la-Soroca-10-1024x768.jpg 1024w, https:\/\/soarta.org\/wp-content\/uploads\/2025\/02\/foto_Clinica-Oftalmologica-pentru-varstnici-la-Soroca-10-768x576.jpg 768w, https:\/\/soarta.org\/wp-content\/uploads\/2025\/02\/foto_Clinica-Oftalmologica-pentru-varstnici-la-Soroca-10-1536x1152.jpg 1536w, https:\/\/soarta.org\/wp-content\/uploads\/2025\/02\/foto_Clinica-Oftalmologica-pentru-varstnici-la-Soroca-10-2048x1536.jpg 2048w, https:\/\/soarta.org\/wp-content\/uploads\/2025\/02\/foto_Clinica-Oftalmologica-pentru-varstnici-la-Soroca-10-16x12.jpg 16w\" sizes=\"auto, (max-width: 2560px) 100vw, 2560px\" \/><\/figure>\n\n\n\n<h3 class=\"wp-block-heading\">Ophthalmological Clinic for the elderly in Soroca<\/h3>\n\n\n\n<p class=\"has-small-font-size\">Starting date: 2012<\/p>\n\n\n\n<p class=\"has-small-font-size\">Status: completed (2020)<\/p>\n\n\n\n<p class=\"has-small-font-size\">Project description:<\/p>\n\n\n\n<div class=\"wp-block-file\"><a id=\"wp-block-file--media-63da1c24-2d0c-4463-b18c-d3081a97b204\" href=\"https:\/\/soarta.org\/wp-content\/uploads\/2025\/03\/Project-Ophthalmological-Clinic-for-the-Elderly-in-Soroca.pdf\">Ophthalmological Clinic for the elderly in Soroca<\/a><\/div>\n<\/div>\n\n\n\n<div class=\"wp-block-column is-layout-flow wp-block-column-is-layout-flow\">\n<figure class=\"wp-block-image size-full\" style=\"margin-bottom:24px\"><img loading=\"lazy\" decoding=\"async\" width=\"1024\" height=\"768\" src=\"https:\/\/soarta.org\/wp-content\/uploads\/2025\/04\/foto_Ingrijiri-medico-sociale-la-domiciliu-\u201eBalada-celor-varstnici-9-1024x768-1.jpg\" alt=\"\" class=\"wp-image-847\" style=\"aspect-ratio:4\/3;object-fit:cover\" srcset=\"https:\/\/soarta.org\/wp-content\/uploads\/2025\/04\/foto_Ingrijiri-medico-sociale-la-domiciliu-\u201eBalada-celor-varstnici-9-1024x768-1.jpg 1024w, https:\/\/soarta.org\/wp-content\/uploads\/2025\/04\/foto_Ingrijiri-medico-sociale-la-domiciliu-\u201eBalada-celor-varstnici-9-1024x768-1-300x225.jpg 300w, https:\/\/soarta.org\/wp-content\/uploads\/2025\/04\/foto_Ingrijiri-medico-sociale-la-domiciliu-\u201eBalada-celor-varstnici-9-1024x768-1-768x576.jpg 768w, https:\/\/soarta.org\/wp-content\/uploads\/2025\/04\/foto_Ingrijiri-medico-sociale-la-domiciliu-\u201eBalada-celor-varstnici-9-1024x768-1-16x12.jpg 16w\" sizes=\"auto, (max-width: 1024px) 100vw, 1024px\" \/><\/figure>\n\n\n\n<h3 class=\"wp-block-heading\">Medical and social care at home: \u201cThe Ballad of the Elderly\"<\/h3>\n\n\n\n<p class=\"has-small-font-size\">Starting date: 2007<\/p>\n\n\n\n<p class=\"has-small-font-size\">Status: completed 2020<\/p>\n\n\n\n<p class=\"has-small-font-size\">Project description:<\/p>\n\n\n\n<div class=\"wp-block-file\"><a id=\"wp-block-file--media-72dc0aae-16fb-47b5-ad7c-6de823b0d538\" href=\"https:\/\/soarta.org\/wp-content\/uploads\/2025\/05\/Medical-and-social-care-at-home-The-Ballad-of-the-Elderly-3.pdf\">Medical and social care at home: \u201cThe Ballad of the Elderly\"<\/a><\/div>\n<\/div>\n\n\n\n<div class=\"wp-block-column is-layout-flow wp-block-column-is-layout-flow\">\n<figure class=\"wp-block-image size-full\" style=\"margin-bottom:24px\"><img loading=\"lazy\" decoding=\"async\" width=\"1024\" height=\"768\" src=\"https:\/\/soarta.org\/wp-content\/uploads\/2025\/04\/foto_Centrul-Social-de-zi-\u201eAsculta-inima-celor-varstnici-8-1024x768-1.jpg\" alt=\"\" class=\"wp-image-848\" style=\"aspect-ratio:4\/3;object-fit:cover\" srcset=\"https:\/\/soarta.org\/wp-content\/uploads\/2025\/04\/foto_Centrul-Social-de-zi-\u201eAsculta-inima-celor-varstnici-8-1024x768-1.jpg 1024w, https:\/\/soarta.org\/wp-content\/uploads\/2025\/04\/foto_Centrul-Social-de-zi-\u201eAsculta-inima-celor-varstnici-8-1024x768-1-300x225.jpg 300w, https:\/\/soarta.org\/wp-content\/uploads\/2025\/04\/foto_Centrul-Social-de-zi-\u201eAsculta-inima-celor-varstnici-8-1024x768-1-768x576.jpg 768w, https:\/\/soarta.org\/wp-content\/uploads\/2025\/04\/foto_Centrul-Social-de-zi-\u201eAsculta-inima-celor-varstnici-8-1024x768-1-16x12.jpg 16w\" sizes=\"auto, (max-width: 1024px) 100vw, 1024px\" \/><\/figure>\n\n\n\n<h3 class=\"wp-block-heading\">Social Day Center \"Listen to the heart of the elderly\"<\/h3>\n\n\n\n<p class=\"has-small-font-size\">Starting date: 2009<\/p>\n\n\n\n<p class=\"has-small-font-size\">Status: completed (2020)<\/p>\n\n\n\n<p class=\"has-small-font-size\">Project description:<\/p>\n\n\n\n<div class=\"wp-block-file\"><a id=\"wp-block-file--media-c7ff08a4-6a1e-4af2-b14e-095af5645754\" href=\"https:\/\/soarta.org\/wp-content\/uploads\/2025\/05\/Day-Social-Center-Listen-to-the-heart-of-the-elderly-people-6.pdf\">Social Day Center \"Listen to the heart of the elderly<\/a><\/div>\n<\/div>\n<\/div>\n<\/div>\n\n\n\n<div class=\"wp-block-group alignfull hide-element1 has-global-padding is-layout-constrained wp-container-core-group-is-layout-453e091a wp-block-group-is-layout-constrained\" style=\"margin-top:0;margin-bottom:0;padding-top:var(--wp--preset--spacing--50);padding-bottom:var(--wp--preset--spacing--50)\">\n<h2 class=\"wp-block-heading alignwide has-text-align-center\">Our projects<\/h2>\n\n\n\n<div class=\"wp-block-group testsss is-layout-grid wp-container-core-group-is-layout-71863cb6 wp-block-group-is-layout-grid\">\n<div class=\"wp-block-columns is-layout-flex wp-container-core-columns-is-layout-28f84493 wp-block-columns-is-layout-flex\">\n<div class=\"wp-block-column has-global-padding is-layout-constrained wp-container-core-column-is-layout-7db9d80f wp-block-column-is-layout-constrained\" style=\"padding-right:0;padding-left:0\">\n<figure class=\"wp-block-image size-full\" style=\"margin-bottom:24px\"><img loading=\"lazy\" decoding=\"async\" width=\"703\" height=\"212\" src=\"https:\/\/soarta.org\/wp-content\/uploads\/2025\/05\/Web-1.gif\" alt=\"\" class=\"wp-image-1281\"\/><\/figure>\n\n\n\n<h3 class=\"wp-block-heading\"><strong><strong>Learn, Grow, Be Resilient! Cross-border Education Project for Young People from RO and MD<\/strong><\/strong><\/h3>\n\n\n\n<p class=\"has-small-font-size\">Starting data: 25.06.2025<\/p>\n\n\n\n<p class=\"has-small-font-size\">Status: ongoing (expected completion 24.08.2026)<\/p>\n\n\n\n<p class=\"has-small-font-size\">Project description:<\/p>\n\n\n\n<div class=\"wp-block-file\"><a id=\"wp-block-file--media-d02cff78-5907-4caf-90ef-410f89456a3c\" href=\"https:\/\/soarta.org\/wp-content\/uploads\/2025\/06\/Learn-Grow-Be-Resilient-Cross-border-Education-Project-for-Young-People-from-RO-and-MD.pdf\">Learn, Grow, Be Resilient! Cross-border Education Project for Young People from RO and MD<\/a><\/div>\n<\/div>\n<\/div>\n\n\n\n<div class=\"wp-block-columns is-layout-flex wp-container-core-columns-is-layout-28f84493 wp-block-columns-is-layout-flex\">\n<div class=\"wp-block-column has-global-padding is-layout-constrained wp-container-core-column-is-layout-7db9d80f wp-block-column-is-layout-constrained\" style=\"padding-right:0;padding-left:0\">\n<figure class=\"wp-block-image size-full\" style=\"margin-bottom:24px\"><img loading=\"lazy\" decoding=\"async\" width=\"703\" height=\"212\" src=\"https:\/\/soarta.org\/wp-content\/uploads\/2025\/05\/Web-1.gif\" alt=\"\" class=\"wp-image-1281\"\/><\/figure>\n\n\n\n<h3 class=\"wp-block-heading\"><strong><strong>The Path of History and Traditions: Ia\u0219i-Soroca<\/strong><\/strong><\/h3>\n\n\n\n<p class=\"has-small-font-size\">Start year: 24.06.2025<\/p>\n\n\n\n<p class=\"has-small-font-size\">Status: ongoing (expected completion 23.06.2027)<\/p>\n\n\n\n<p class=\"has-small-font-size\">Project description:<\/p>\n\n\n\n<div class=\"wp-block-file\"><a id=\"wp-block-file--media-7e9ab18b-6986-4bce-91ce-a6519e6d75c6\" href=\"https:\/\/soarta.org\/wp-content\/uploads\/2025\/06\/The-Path-of-History-and-Traditions.pdf\">The Path of History and Traditions: Ia\u0219i-Soroca<\/a><\/div>\n<\/div>\n<\/div>\n\n\n\n<div class=\"wp-block-columns is-layout-flex wp-container-core-columns-is-layout-28f84493 wp-block-columns-is-layout-flex\">\n<div class=\"wp-block-column has-global-padding is-layout-constrained wp-container-core-column-is-layout-7db9d80f wp-block-column-is-layout-constrained\" style=\"padding-right:0;padding-left:0\">\n<figure class=\"wp-block-image size-full\" style=\"margin-bottom:24px\"><img loading=\"lazy\" decoding=\"async\" width=\"703\" height=\"212\" src=\"https:\/\/soarta.org\/wp-content\/uploads\/2025\/05\/Web-1.gif\" alt=\"\" class=\"wp-image-1281\"\/><\/figure>\n\n\n\n<h3 class=\"wp-block-heading\"><strong>CROSS-BORDER NETWORK OF CULTURE IASI-SOROCA<\/strong><\/h3>\n\n\n\n<p class=\"has-small-font-size\">Start year: 27.05.2025<\/p>\n\n\n\n<p class=\"has-small-font-size\">Status: ongoing (expected completion 26.05.2027)<\/p>\n\n\n\n<p class=\"has-small-font-size\">Project description:<\/p>\n\n\n\n<div class=\"wp-block-file\"><a id=\"wp-block-file--media-0760fd87-cac0-416f-929e-c7dceb4dcc6f\" href=\"https:\/\/soarta.org\/wp-content\/uploads\/2025\/05\/CROSS-BORDER-NETWORK-OF-CULTURE-IASI-SOROCA-1.pdf\">CROSS-BORDER NETWORK OF CULTURE IASI-SOROCA<\/a><\/div>\n<\/div>\n<\/div>\n\n\n\n<div class=\"wp-block-columns is-layout-flex wp-container-core-columns-is-layout-28f84493 wp-block-columns-is-layout-flex\">\n<div class=\"wp-block-column has-global-padding is-layout-constrained wp-container-core-column-is-layout-7db9d80f wp-block-column-is-layout-constrained\" style=\"padding-right:0;padding-left:0\">\n<figure class=\"wp-block-image size-full\" style=\"margin-bottom:24px\"><img loading=\"lazy\" decoding=\"async\" width=\"703\" height=\"212\" src=\"https:\/\/soarta.org\/wp-content\/uploads\/2025\/05\/Web-1.gif\" alt=\"\" class=\"wp-image-1281\"\/><\/figure>\n\n\n\n<h3 class=\"wp-block-heading\">Knowledge Without Borders: Universal Access to Education and Training in Romania-Moldova<\/h3>\n\n\n\n<p class=\"has-small-font-size\">Starting data: 25.04.2025<\/p>\n\n\n\n<p class=\"has-small-font-size\">Status: ongoing (expected completion 24.04.2026)<\/p>\n\n\n\n<p class=\"has-small-font-size\">Project description:<\/p>\n\n\n\n<div class=\"wp-block-file\"><a id=\"wp-block-file--media-c281a364-9838-4fb9-afee-85e39918327c\" href=\"https:\/\/soarta.org\/wp-content\/uploads\/2025\/05\/Knowledge-Without-Borders-Universal-Access-to-Education-and-Training-in-Romania-Moldova.pdf\">Knowledge Without Borders: Universal Access to Education and Training in Romania-Moldova<\/a><\/div>\n<\/div>\n<\/div>\n\n\n\n<div class=\"wp-block-columns is-layout-flex wp-container-core-columns-is-layout-28f84493 wp-block-columns-is-layout-flex\">\n<div class=\"wp-block-column has-global-padding is-layout-constrained wp-container-core-column-is-layout-7db9d80f wp-block-column-is-layout-constrained\" style=\"padding-right:0;padding-left:0\">\n<figure class=\"wp-block-image size-full\" style=\"margin-bottom:24px\"><img loading=\"lazy\" decoding=\"async\" width=\"703\" height=\"212\" src=\"https:\/\/soarta.org\/wp-content\/uploads\/2025\/05\/Web-1.gif\" alt=\"\" class=\"wp-image-1281\"\/><\/figure>\n\n\n\n<h3 class=\"wp-block-heading\">CULTURISE: Culture and Sustainable Tourism for Social Inclusion and Innovation in RMD and RO<\/h3>\n\n\n\n<p class=\"has-small-font-size\">Starting data: 13.03.2025<\/p>\n\n\n\n<p class=\"has-small-font-size\">Status: ongoing (expected completion 12.05.2026)<\/p>\n\n\n\n<p class=\"has-small-font-size\">Project description:<\/p>\n\n\n\n<div class=\"wp-block-file\"><a id=\"wp-block-file--media-02bb5661-9d43-4392-8f0e-9a462f3cc4bb\" href=\"https:\/\/soarta.org\/wp-content\/uploads\/2025\/05\/Culture-and-Sustainable-Tourism-for-Social-Inclusion-and-Innovation-in-the-Republic-of-Moldova-and-Romania-1.pdf\">CULTURISE: Culture and Sustainable Tourism for Social Inclusion and Innovation in RMD and RO<\/a><\/div>\n<\/div>\n<\/div>\n\n\n\n<div class=\"wp-block-columns is-layout-flex wp-container-core-columns-is-layout-28f84493 wp-block-columns-is-layout-flex\">\n<div class=\"wp-block-column has-global-padding is-layout-constrained wp-container-core-column-is-layout-7db9d80f wp-block-column-is-layout-constrained\" style=\"padding-right:0;padding-left:0\">\n<figure class=\"wp-block-image size-full\" style=\"margin-bottom:24px\"><img loading=\"lazy\" decoding=\"async\" width=\"2048\" height=\"1365\" src=\"https:\/\/soarta.org\/wp-content\/uploads\/2025\/02\/foto_Conservarea-si-Promovarea-Patrimoniului-Cultural-si-Istoric-In-Zona-Transfrontaliera-Iasi-Si-Soroca-27.jpg\" alt=\"\" class=\"wp-image-541\" style=\"aspect-ratio:4\/3;object-fit:cover\" srcset=\"https:\/\/soarta.org\/wp-content\/uploads\/2025\/02\/foto_Conservarea-si-Promovarea-Patrimoniului-Cultural-si-Istoric-In-Zona-Transfrontaliera-Iasi-Si-Soroca-27.jpg 2048w, https:\/\/soarta.org\/wp-content\/uploads\/2025\/02\/foto_Conservarea-si-Promovarea-Patrimoniului-Cultural-si-Istoric-In-Zona-Transfrontaliera-Iasi-Si-Soroca-27-300x200.jpg 300w, https:\/\/soarta.org\/wp-content\/uploads\/2025\/02\/foto_Conservarea-si-Promovarea-Patrimoniului-Cultural-si-Istoric-In-Zona-Transfrontaliera-Iasi-Si-Soroca-27-1024x683.jpg 1024w, https:\/\/soarta.org\/wp-content\/uploads\/2025\/02\/foto_Conservarea-si-Promovarea-Patrimoniului-Cultural-si-Istoric-In-Zona-Transfrontaliera-Iasi-Si-Soroca-27-768x512.jpg 768w, https:\/\/soarta.org\/wp-content\/uploads\/2025\/02\/foto_Conservarea-si-Promovarea-Patrimoniului-Cultural-si-Istoric-In-Zona-Transfrontaliera-Iasi-Si-Soroca-27-1536x1024.jpg 1536w, https:\/\/soarta.org\/wp-content\/uploads\/2025\/02\/foto_Conservarea-si-Promovarea-Patrimoniului-Cultural-si-Istoric-In-Zona-Transfrontaliera-Iasi-Si-Soroca-27-18x12.jpg 18w\" sizes=\"auto, (max-width: 2048px) 100vw, 2048px\" \/><\/figure>\n\n\n\n<h3 class=\"wp-block-heading\">Preservation and Promotion of Cultural and Historical Heritage in the Ia\u0219i and Soroca Cross-Border Area <br><\/h3>\n\n\n\n<p class=\"has-small-font-size\">Starting year: 2021<\/p>\n\n\n\n<p class=\"has-small-font-size\">Status: completed (2023)<\/p>\n\n\n\n<p class=\"has-small-font-size\">Project description:<\/p>\n\n\n\n<div class=\"wp-block-file\"><a id=\"wp-block-file--media-f8e40a0b-71c2-4fc5-a005-cc24ff77d52a\" href=\"https:\/\/soarta.org\/wp-content\/uploads\/2025\/05\/Conservation-and-Promotion-of-Cultural-and-Historical-Heritage-in-the-Cross-Border-Area-of-Iasi-and-Soroca.pdf\">Preservation and Promotion of Cultural and Historical Heritage in the Ia\u0219i and Soroca Cross-Border Area<\/a><\/div>\n<\/div>\n<\/div>\n\n\n\n<div class=\"wp-block-columns is-layout-flex wp-container-core-columns-is-layout-28f84493 wp-block-columns-is-layout-flex\">\n<div class=\"wp-block-column is-layout-flow wp-block-column-is-layout-flow\" style=\"padding-right:0;padding-left:0\">\n<figure class=\"wp-block-image size-full\" style=\"margin-bottom:24px\"><img loading=\"lazy\" decoding=\"async\" width=\"1600\" height=\"1200\" src=\"https:\/\/soarta.org\/wp-content\/uploads\/2025\/02\/foto_Educatie-pentru-dezvoltarea-abilitatilor-in-domeniile-creativitate-si-productie-pe-ambele-parti-ale-Prutului-18.jpg\" alt=\"\" class=\"wp-image-543\" style=\"aspect-ratio:4\/3;object-fit:cover\" srcset=\"https:\/\/soarta.org\/wp-content\/uploads\/2025\/02\/foto_Educatie-pentru-dezvoltarea-abilitatilor-in-domeniile-creativitate-si-productie-pe-ambele-parti-ale-Prutului-18.jpg 1600w, https:\/\/soarta.org\/wp-content\/uploads\/2025\/02\/foto_Educatie-pentru-dezvoltarea-abilitatilor-in-domeniile-creativitate-si-productie-pe-ambele-parti-ale-Prutului-18-300x225.jpg 300w, https:\/\/soarta.org\/wp-content\/uploads\/2025\/02\/foto_Educatie-pentru-dezvoltarea-abilitatilor-in-domeniile-creativitate-si-productie-pe-ambele-parti-ale-Prutului-18-1024x768.jpg 1024w, https:\/\/soarta.org\/wp-content\/uploads\/2025\/02\/foto_Educatie-pentru-dezvoltarea-abilitatilor-in-domeniile-creativitate-si-productie-pe-ambele-parti-ale-Prutului-18-768x576.jpg 768w, https:\/\/soarta.org\/wp-content\/uploads\/2025\/02\/foto_Educatie-pentru-dezvoltarea-abilitatilor-in-domeniile-creativitate-si-productie-pe-ambele-parti-ale-Prutului-18-1536x1152.jpg 1536w, https:\/\/soarta.org\/wp-content\/uploads\/2025\/02\/foto_Educatie-pentru-dezvoltarea-abilitatilor-in-domeniile-creativitate-si-productie-pe-ambele-parti-ale-Prutului-18-16x12.jpg 16w\" sizes=\"auto, (max-width: 1600px) 100vw, 1600px\" \/><\/figure>\n\n\n\n<h3 class=\"wp-block-heading\">Education for the Development of Refining in Creative and Productive Areas on \nboth sides<br>of the Prut<\/h3>\n\n\n\n<p class=\"has-small-font-size\">Starting year: 2020<\/p>\n\n\n\n<p class=\"has-small-font-size\">Status: completed (2022)<\/p>\n\n\n\n<p class=\"has-small-font-size\">Project description:<\/p>\n\n\n\n<div class=\"wp-block-file\"><a id=\"wp-block-file--media-906bed22-148d-45c3-b536-2a70952e4c5d\" href=\"https:\/\/soarta.org\/wp-content\/uploads\/2025\/05\/Education-for-the-development-of-refining-in-creative-and-productive-areas-on-both-sides-of-the-Prut.pdf\">Education for the development of refinement in creative and productive fields on both sides of the Prut<\/a><\/div>\n<\/div>\n<\/div>\n\n\n\n<div class=\"wp-block-columns is-layout-flex wp-container-core-columns-is-layout-28f84493 wp-block-columns-is-layout-flex\">\n<div class=\"wp-block-column is-layout-flow wp-block-column-is-layout-flow\" style=\"padding-right:0;padding-left:0\">\n<figure class=\"wp-block-image size-full\" style=\"margin-bottom:24px\"><img loading=\"lazy\" decoding=\"async\" width=\"1200\" height=\"1600\" src=\"https:\/\/soarta.org\/wp-content\/uploads\/2025\/04\/foto_Ajutor-pentru-refugiatii-ucraineni-si-familii-gazda-5-2.jpg\" alt=\"\" class=\"wp-image-849\" style=\"aspect-ratio:4\/3;object-fit:cover\" srcset=\"https:\/\/soarta.org\/wp-content\/uploads\/2025\/04\/foto_Ajutor-pentru-refugiatii-ucraineni-si-familii-gazda-5-2.jpg 1200w, https:\/\/soarta.org\/wp-content\/uploads\/2025\/04\/foto_Ajutor-pentru-refugiatii-ucraineni-si-familii-gazda-5-2-225x300.jpg 225w, https:\/\/soarta.org\/wp-content\/uploads\/2025\/04\/foto_Ajutor-pentru-refugiatii-ucraineni-si-familii-gazda-5-2-768x1024.jpg 768w, https:\/\/soarta.org\/wp-content\/uploads\/2025\/04\/foto_Ajutor-pentru-refugiatii-ucraineni-si-familii-gazda-5-2-1152x1536.jpg 1152w, https:\/\/soarta.org\/wp-content\/uploads\/2025\/04\/foto_Ajutor-pentru-refugiatii-ucraineni-si-familii-gazda-5-2-9x12.jpg 9w\" sizes=\"auto, (max-width: 1200px) 100vw, 1200px\" \/><\/figure>\n\n\n\n<h3 class=\"wp-block-heading\">Help for Ukrainian refugees and host families<\/h3>\n\n\n\n<p class=\"has-small-font-size\">Starting year: 2022<\/p>\n\n\n\n<p class=\"has-small-font-size\">Status: ongoing<\/p>\n\n\n\n<p class=\"has-small-font-size\">Project description:<\/p>\n\n\n\n<div class=\"wp-block-file\"><a id=\"wp-block-file--media-e64eef69-62fb-4d0a-b798-2ddddcd299b8\" href=\"https:\/\/soarta.org\/wp-content\/uploads\/2025\/05\/Help-for-Ukrainian-refugees-and-host-families-.pdf\">Help for Ukrainian refugees and host families<\/a><\/div>\n<\/div>\n<\/div>\n\n\n\n<div class=\"wp-block-columns is-layout-flex wp-container-core-columns-is-layout-28f84493 wp-block-columns-is-layout-flex\">\n<div class=\"wp-block-column is-layout-flow wp-block-column-is-layout-flow\" style=\"padding-right:0;padding-left:0\">\n<figure class=\"wp-block-image size-full\" style=\"margin-bottom:24px\"><img loading=\"lazy\" decoding=\"async\" width=\"2560\" height=\"1920\" src=\"https:\/\/soarta.org\/wp-content\/uploads\/2025\/02\/foto_Ajutor-de-iarna-pentru-varstnici-si-invalizi-7-scaled.jpg\" alt=\"\" class=\"wp-image-550\" style=\"aspect-ratio:4\/3;object-fit:cover\" srcset=\"https:\/\/soarta.org\/wp-content\/uploads\/2025\/02\/foto_Ajutor-de-iarna-pentru-varstnici-si-invalizi-7-scaled.jpg 2560w, https:\/\/soarta.org\/wp-content\/uploads\/2025\/02\/foto_Ajutor-de-iarna-pentru-varstnici-si-invalizi-7-300x225.jpg 300w, https:\/\/soarta.org\/wp-content\/uploads\/2025\/02\/foto_Ajutor-de-iarna-pentru-varstnici-si-invalizi-7-1024x768.jpg 1024w, https:\/\/soarta.org\/wp-content\/uploads\/2025\/02\/foto_Ajutor-de-iarna-pentru-varstnici-si-invalizi-7-768x576.jpg 768w, https:\/\/soarta.org\/wp-content\/uploads\/2025\/02\/foto_Ajutor-de-iarna-pentru-varstnici-si-invalizi-7-1536x1152.jpg 1536w, https:\/\/soarta.org\/wp-content\/uploads\/2025\/02\/foto_Ajutor-de-iarna-pentru-varstnici-si-invalizi-7-2048x1536.jpg 2048w, https:\/\/soarta.org\/wp-content\/uploads\/2025\/02\/foto_Ajutor-de-iarna-pentru-varstnici-si-invalizi-7-16x12.jpg 16w\" sizes=\"auto, (max-width: 2560px) 100vw, 2560px\" \/><\/figure>\n\n\n\n<h3 class=\"wp-block-heading\">Winter help for the elderly and disabled people<\/h3>\n\n\n\n<p class=\"has-small-font-size\">Starting date: 2002<\/p>\n\n\n\n<p class=\"has-small-font-size\">Status: ongoing<\/p>\n\n\n\n<p class=\"has-small-font-size\">Project description:<\/p>\n\n\n\n<div class=\"wp-block-file\"><a id=\"wp-block-file--media-03fbfcff-af29-4bf7-882c-0b8335d62438\" href=\"https:\/\/soarta.org\/wp-content\/uploads\/2025\/05\/Winter-help-for-the-elderly-and-disabled-people-1.pdf\">Winter help for the elderly and disabled<\/a><\/div>\n<\/div>\n<\/div>\n\n\n\n<div class=\"wp-block-columns wp-container-content-b8879e3d is-layout-flex wp-container-core-columns-is-layout-28f84493 wp-block-columns-is-layout-flex\">\n<div class=\"wp-block-column is-layout-flow wp-block-column-is-layout-flow\" style=\"padding-right:0;padding-left:0\">\n<figure class=\"wp-block-image size-full\" style=\"margin-bottom:24px\"><img loading=\"lazy\" decoding=\"async\" width=\"2560\" height=\"1920\" src=\"https:\/\/soarta.org\/wp-content\/uploads\/2025\/02\/foto-4_Proiectul-\u201eCompetitivitatea-ca-alternativa-pentru-supravietuire-CAS-10-scaled.jpg\" alt=\"\" class=\"wp-image-552\" style=\"aspect-ratio:4\/3;object-fit:cover\" srcset=\"https:\/\/soarta.org\/wp-content\/uploads\/2025\/02\/foto-4_Proiectul-\u201eCompetitivitatea-ca-alternativa-pentru-supravietuire-CAS-10-scaled.jpg 2560w, https:\/\/soarta.org\/wp-content\/uploads\/2025\/02\/foto-4_Proiectul-\u201eCompetitivitatea-ca-alternativa-pentru-supravietuire-CAS-10-300x225.jpg 300w, https:\/\/soarta.org\/wp-content\/uploads\/2025\/02\/foto-4_Proiectul-\u201eCompetitivitatea-ca-alternativa-pentru-supravietuire-CAS-10-1024x768.jpg 1024w, https:\/\/soarta.org\/wp-content\/uploads\/2025\/02\/foto-4_Proiectul-\u201eCompetitivitatea-ca-alternativa-pentru-supravietuire-CAS-10-768x576.jpg 768w, https:\/\/soarta.org\/wp-content\/uploads\/2025\/02\/foto-4_Proiectul-\u201eCompetitivitatea-ca-alternativa-pentru-supravietuire-CAS-10-1536x1152.jpg 1536w, https:\/\/soarta.org\/wp-content\/uploads\/2025\/02\/foto-4_Proiectul-\u201eCompetitivitatea-ca-alternativa-pentru-supravietuire-CAS-10-2048x1536.jpg 2048w, https:\/\/soarta.org\/wp-content\/uploads\/2025\/02\/foto-4_Proiectul-\u201eCompetitivitatea-ca-alternativa-pentru-supravietuire-CAS-10-16x12.jpg 16w\" sizes=\"auto, (max-width: 2560px) 100vw, 2560px\" \/><\/figure>\n\n\n\n<h3 class=\"wp-block-heading\">\"Competitiveness as an Alternative for Survival\" Project (CAS)<\/h3>\n\n\n\n<p class=\"has-small-font-size\">Starting date: 2009<\/p>\n\n\n\n<p class=\"has-small-font-size\">Status: completed (2018)<\/p>\n\n\n\n<p class=\"has-small-font-size\">Project description:<\/p>\n\n\n\n<div class=\"wp-block-file\"><a id=\"wp-block-file--media-b9b10700-2033-434c-b920-66b160afb7d4\" href=\"https:\/\/soarta.org\/wp-content\/uploads\/2025\/05\/Competitiveness-as-an-Alternative-for-Survival-CAS-1.pdf\">Competitiveness-as-an-alternative-for-survival-CAS<\/a><\/div>\n<\/div>\n<\/div>\n\n\n\n<div class=\"wp-block-columns is-layout-flex wp-container-core-columns-is-layout-28f84493 wp-block-columns-is-layout-flex\">\n<div class=\"wp-block-column is-layout-flow wp-block-column-is-layout-flow\" style=\"padding-right:0;padding-left:0\">\n<figure class=\"wp-block-image size-full\" style=\"margin-bottom:24px\"><img loading=\"lazy\" decoding=\"async\" width=\"2560\" height=\"1920\" src=\"https:\/\/soarta.org\/wp-content\/uploads\/2025\/02\/foto_Clinica-Oftalmologica-pentru-varstnici-la-Soroca-10-scaled.jpg\" alt=\"\" class=\"wp-image-554\" style=\"aspect-ratio:4\/3;object-fit:cover\" srcset=\"https:\/\/soarta.org\/wp-content\/uploads\/2025\/02\/foto_Clinica-Oftalmologica-pentru-varstnici-la-Soroca-10-scaled.jpg 2560w, https:\/\/soarta.org\/wp-content\/uploads\/2025\/02\/foto_Clinica-Oftalmologica-pentru-varstnici-la-Soroca-10-300x225.jpg 300w, https:\/\/soarta.org\/wp-content\/uploads\/2025\/02\/foto_Clinica-Oftalmologica-pentru-varstnici-la-Soroca-10-1024x768.jpg 1024w, https:\/\/soarta.org\/wp-content\/uploads\/2025\/02\/foto_Clinica-Oftalmologica-pentru-varstnici-la-Soroca-10-768x576.jpg 768w, https:\/\/soarta.org\/wp-content\/uploads\/2025\/02\/foto_Clinica-Oftalmologica-pentru-varstnici-la-Soroca-10-1536x1152.jpg 1536w, https:\/\/soarta.org\/wp-content\/uploads\/2025\/02\/foto_Clinica-Oftalmologica-pentru-varstnici-la-Soroca-10-2048x1536.jpg 2048w, https:\/\/soarta.org\/wp-content\/uploads\/2025\/02\/foto_Clinica-Oftalmologica-pentru-varstnici-la-Soroca-10-16x12.jpg 16w\" sizes=\"auto, (max-width: 2560px) 100vw, 2560px\" \/><\/figure>\n\n\n\n<h3 class=\"wp-block-heading\">Ophthalmological Clinic for the elderly in Soroca<\/h3>\n\n\n\n<p class=\"has-small-font-size\">Starting date: 2012<\/p>\n\n\n\n<p class=\"has-small-font-size\">Status: completed (2020)<\/p>\n\n\n\n<p class=\"has-small-font-size\">Project description:<\/p>\n\n\n\n<div class=\"wp-block-file\"><a id=\"wp-block-file--media-b762b3c1-9cae-4c76-8549-19703d7de143\" href=\"https:\/\/soarta.org\/wp-content\/uploads\/2025\/05\/Ophthalmological-Clinic-for-Older-People-in-Soroca-.pdf\">Ophthalmological Clinic for the elderly in Soroca<\/a><\/div>\n<\/div>\n<\/div>\n\n\n\n<div class=\"wp-block-columns is-layout-flex wp-container-core-columns-is-layout-28f84493 wp-block-columns-is-layout-flex\">\n<div class=\"wp-block-column is-layout-flow wp-block-column-is-layout-flow\" style=\"padding-right:0;padding-left:0\">\n<figure class=\"wp-block-image size-full\" style=\"margin-bottom:24px\"><img loading=\"lazy\" decoding=\"async\" width=\"1024\" height=\"768\" src=\"https:\/\/soarta.org\/wp-content\/uploads\/2025\/04\/foto_Ingrijiri-medico-sociale-la-domiciliu-\u201eBalada-celor-varstnici-9-1024x768-1.jpg\" alt=\"\" class=\"wp-image-847\" style=\"aspect-ratio:4\/3;object-fit:cover\" srcset=\"https:\/\/soarta.org\/wp-content\/uploads\/2025\/04\/foto_Ingrijiri-medico-sociale-la-domiciliu-\u201eBalada-celor-varstnici-9-1024x768-1.jpg 1024w, https:\/\/soarta.org\/wp-content\/uploads\/2025\/04\/foto_Ingrijiri-medico-sociale-la-domiciliu-\u201eBalada-celor-varstnici-9-1024x768-1-300x225.jpg 300w, https:\/\/soarta.org\/wp-content\/uploads\/2025\/04\/foto_Ingrijiri-medico-sociale-la-domiciliu-\u201eBalada-celor-varstnici-9-1024x768-1-768x576.jpg 768w, https:\/\/soarta.org\/wp-content\/uploads\/2025\/04\/foto_Ingrijiri-medico-sociale-la-domiciliu-\u201eBalada-celor-varstnici-9-1024x768-1-16x12.jpg 16w\" sizes=\"auto, (max-width: 1024px) 100vw, 1024px\" \/><\/figure>\n\n\n\n<h3 class=\"wp-block-heading\">Medical and social care at home: \u201cThe Ballad of the Elderly\"<\/h3>\n\n\n\n<p class=\"has-small-font-size\">Starting date: 2007<\/p>\n\n\n\n<p class=\"has-small-font-size\">Status: completed 2020<\/p>\n\n\n\n<p class=\"has-small-font-size\">Project description:<\/p>\n\n\n\n<div class=\"wp-block-file\"><a id=\"wp-block-file--media-79ba58d5-3089-4f63-96be-cc4f6ec0b31a\" href=\"https:\/\/soarta.org\/wp-content\/uploads\/2025\/05\/Medical-and-social-care-at-home-The-Ballad-of-the-Elderly.pdf\">Medical and social care at home: \u201cThe Ballad of the Elderly\"<\/a><\/div>\n<\/div>\n<\/div>\n\n\n\n<div class=\"wp-block-columns is-layout-flex wp-container-core-columns-is-layout-28f84493 wp-block-columns-is-layout-flex\">\n<div class=\"wp-block-column is-layout-flow wp-block-column-is-layout-flow\" style=\"padding-right:0;padding-left:0\">\n<figure class=\"wp-block-image size-full\" style=\"margin-bottom:24px\"><img loading=\"lazy\" decoding=\"async\" width=\"1024\" height=\"768\" src=\"https:\/\/soarta.org\/wp-content\/uploads\/2025\/05\/foto_Centrul-Social-de-zi-\u201eAsculta-inima-celor-varstnici-8-1024x768-1-1.jpg\" alt=\"\" class=\"wp-image-1220\" style=\"aspect-ratio:4\/3;object-fit:cover\" srcset=\"https:\/\/soarta.org\/wp-content\/uploads\/2025\/05\/foto_Centrul-Social-de-zi-\u201eAsculta-inima-celor-varstnici-8-1024x768-1-1.jpg 1024w, https:\/\/soarta.org\/wp-content\/uploads\/2025\/05\/foto_Centrul-Social-de-zi-\u201eAsculta-inima-celor-varstnici-8-1024x768-1-1-300x225.jpg 300w, https:\/\/soarta.org\/wp-content\/uploads\/2025\/05\/foto_Centrul-Social-de-zi-\u201eAsculta-inima-celor-varstnici-8-1024x768-1-1-768x576.jpg 768w, https:\/\/soarta.org\/wp-content\/uploads\/2025\/05\/foto_Centrul-Social-de-zi-\u201eAsculta-inima-celor-varstnici-8-1024x768-1-1-16x12.jpg 16w\" sizes=\"auto, (max-width: 1024px) 100vw, 1024px\" \/><\/figure>\n\n\n\n<h3 class=\"wp-block-heading\">Social Day Center \"Listen to the heart of the elderly\"<\/h3>\n\n\n\n<p class=\"has-small-font-size\">Starting date: 2009<\/p>\n\n\n\n<p class=\"has-small-font-size\">Status: completed (2020)<\/p>\n\n\n\n<p class=\"has-small-font-size\">Project description:<\/p>\n\n\n\n<div class=\"wp-block-file\"><a id=\"wp-block-file--media-a0659e26-1dc8-49c8-861f-93e75efdcc23\" href=\"https:\/\/soarta.org\/wp-content\/uploads\/2025\/05\/Day-Social-Center-Listen-to-the-heart-of-the-elderly-people-6.pdf\">Social Day Center \"Listen to the heart of the elderly<\/a><\/div>\n<\/div>\n<\/div>\n<\/div>\n<\/div>\n\n\n\n<p><\/p>","protected":false},"excerpt":{"rendered":"<p>Proiectele noastre Cultur\u0103 \u0219i Turism Durabil pentru Incluziune Social\u0103 \u0219i Inova\u021bie \u00een Republica Moldova \u0219i Rom\u00e2nia\u201d Anul de \u00eenceput: 13.03.2025 Stare: \u00een desf\u0103\u0219urare (preconizat finalizare 12.05.2026) Descrierea proiectului: Conservarea \u0219i Promovarea Patrimoniului Cultural \u0219i Istoric \u00cen zonaTransfrontalier\u0103 Ia\u0219i \u0219i Soroca Anul de \u00eenceput: 2021 Stare: finalizat (2023) Descrierea proiectului: Educa\u021bie pentru dezvoltarea rafin\u0103rii \u00een domenii [&hellip;]<\/p>\n","protected":false},"author":2,"featured_media":0,"parent":0,"menu_order":0,"comment_status":"closed","ping_status":"closed","template":"","meta":{"footnotes":""},"class_list":["post-29","page","type-page","status-publish","hentry"],"jetpack_sharing_enabled":true,"_links":{"self":[{"href":"https:\/\/soarta.org\/en\/wp-json\/wp\/v2\/pages\/29","targetHints":{"allow":["GET"]}}],"collection":[{"href":"https:\/\/soarta.org\/en\/wp-json\/wp\/v2\/pages"}],"about":[{"href":"https:\/\/soarta.org\/en\/wp-json\/wp\/v2\/types\/page"}],"author":[{"embeddable":true,"href":"https:\/\/soarta.org\/en\/wp-json\/wp\/v2\/users\/2"}],"replies":[{"embeddable":true,"href":"https:\/\/soarta.org\/en\/wp-json\/wp\/v2\/comments?post=29"}],"version-history":[{"count":136,"href":"https:\/\/soarta.org\/en\/wp-json\/wp\/v2\/pages\/29\/revisions"}],"predecessor-version":[{"id":1601,"href":"https:\/\/soarta.org\/en\/wp-json\/wp\/v2\/pages\/29\/revisions\/1601"}],"wp:attachment":[{"href":"https:\/\/soarta.org\/en\/wp-json\/wp\/v2\/media?parent=29"}],"curies":[{"name":"wp","href":"https:\/\/api.w.org\/{rel}","templated":true}]}}